{"id":595,"date":"2021-02-22T14:24:53","date_gmt":"2021-02-22T13:24:53","guid":{"rendered":"https:\/\/www.freie-schule-ananda.de\/?page_id=595"},"modified":"2021-07-01T08:45:33","modified_gmt":"2021-07-01T06:45:33","slug":"konzept-2","status":"publish","type":"page","link":"https:\/\/www.freie-schule-ananda.de\/en\/konzept-2\/","title":{"rendered":"Our concept"},"content":{"rendered":"\t\t<div data-elementor-type=\"wp-page\" data-elementor-id=\"595\" class=\"elementor elementor-595\" data-elementor-post-type=\"page\">\n\t\t\t\t\t\t<section class=\"elementor-section elementor-top-section elementor-element elementor-element-dd6710f elementor-section-full_width elementor-section-items-bottom elementor-section-height-min-height elementor-section-height-default\" data-id=\"dd6710f\" data-element_type=\"section\" id=\"konzept-header\" data-settings=\"{&quot;background_background&quot;:&quot;classic&quot;}\">\n\t\t\t\t\t\t<div class=\"elementor-container elementor-column-gap-no\">\n\t\t\t\t\t<div class=\"elementor-column elementor-col-100 elementor-top-column elementor-element elementor-element-ae2b2a7\" data-id=\"ae2b2a7\" data-element_type=\"column\">\n\t\t\t<div class=\"elementor-widget-wrap elementor-element-populated\">\n\t\t\t\t\t\t<div class=\"elementor-element elementor-element-ea85902 elementor-widget elementor-widget-heading\" data-id=\"ea85902\" data-element_type=\"widget\" data-widget_type=\"heading.default\">\n\t\t\t\t<div class=\"elementor-widget-container\">\n\t\t\t\t\t<h2 class=\"elementor-heading-title elementor-size-default\">Unser Konzept<\/h2>\t\t\t\t<\/div>\n\t\t\t\t<\/div>\n\t\t\t\t\t<\/div>\n\t\t<\/div>\n\t\t\t\t\t<\/div>\n\t\t<\/section>\n\t\t\t\t<section class=\"elementor-section elementor-top-section elementor-element elementor-element-57c1fc6c elementor-section-boxed elementor-section-height-default elementor-section-height-default\" data-id=\"57c1fc6c\" data-element_type=\"section\">\n\t\t\t\t\t\t<div class=\"elementor-container elementor-column-gap-no\">\n\t\t\t\t\t<div class=\"elementor-column elementor-col-100 elementor-top-column elementor-element elementor-element-653ec27\" data-id=\"653ec27\" data-element_type=\"column\">\n\t\t\t<div class=\"elementor-widget-wrap elementor-element-populated\">\n\t\t\t\t\t\t<div class=\"elementor-element elementor-element-32ac9d76 elementor-hidden-phone elementor-widget elementor-widget-heading\" data-id=\"32ac9d76\" data-element_type=\"widget\" data-widget_type=\"heading.default\">\n\t\t\t\t<div class=\"elementor-widget-container\">\n\t\t\t\t\t<h3 class=\"elementor-heading-title elementor-size-default\">Ananda<\/h3>\t\t\t\t<\/div>\n\t\t\t\t<\/div>\n\t\t\t\t<div class=\"elementor-element elementor-element-3256e21b elementor-widget elementor-widget-text-editor\" data-id=\"3256e21b\" data-element_type=\"widget\" data-widget_type=\"text-editor.default\">\n\t\t\t\t<div class=\"elementor-widget-container\">\n\t\t\t\t\t\t\t\t\t<p>\u201eAnanda\u201c stammt aus dem Sanskrit und bedeutet \u201ebedingungslose Freude, die aus sich selbst existiert\u201c. Es ist diejenige Freude, die wir erfahren, wenn wir uns in Einklang befinden.<\/p>\t\t\t\t\t\t\t\t<\/div>\n\t\t\t\t<\/div>\n\t\t\t\t\t<\/div>\n\t\t<\/div>\n\t\t\t\t\t<\/div>\n\t\t<\/section>\n\t\t\t\t<section class=\"elementor-section elementor-top-section elementor-element elementor-element-05b5c22 elementor-hidden-phone elementor-section-boxed elementor-section-height-default elementor-section-height-default\" data-id=\"05b5c22\" data-element_type=\"section\" id=\"konzept-listing\" data-settings=\"{&quot;background_background&quot;:&quot;classic&quot;}\">\n\t\t\t\t\t\t<div class=\"elementor-container elementor-column-gap-default\">\n\t\t\t\t\t<div class=\"elementor-column elementor-col-100 elementor-top-column elementor-element elementor-element-4d0570c\" data-id=\"4d0570c\" data-element_type=\"column\">\n\t\t\t<div class=\"elementor-widget-wrap elementor-element-populated\">\n\t\t\t\t\t\t<section class=\"elementor-section elementor-inner-section elementor-element elementor-element-6b97a84 elementor-section-boxed elementor-section-height-default elementor-section-height-default\" data-id=\"6b97a84\" data-element_type=\"section\">\n\t\t\t\t\t\t<div class=\"elementor-container elementor-column-gap-default\">\n\t\t\t\t\t<div class=\"elementor-column elementor-col-33 elementor-inner-column elementor-element elementor-element-6b3b4cc\" data-id=\"6b3b4cc\" data-element_type=\"column\" data-settings=\"{&quot;background_background&quot;:&quot;classic&quot;}\">\n\t\t\t<div class=\"elementor-widget-wrap elementor-element-populated\">\n\t\t\t\t\t\t<div class=\"elementor-element elementor-element-3bf3a06 elementor-align-center elementor-tablet-align-center elementor-widget elementor-widget-button\" data-id=\"3bf3a06\" data-element_type=\"widget\" data-widget_type=\"button.default\">\n\t\t\t\t<div class=\"elementor-widget-container\">\n\t\t\t\t\t\t\t\t\t<div class=\"elementor-button-wrapper\">\n\t\t\t\t\t<a class=\"elementor-button elementor-button-link elementor-size-xl\" href=\"#gemeinschaft\">\n\t\t\t\t\t\t<span class=\"elementor-button-content-wrapper\">\n\t\t\t\t\t\t\t\t\t<span class=\"elementor-button-text\">Gemeinschaft<\/span>\n\t\t\t\t\t<\/span>\n\t\t\t\t\t<\/a>\n\t\t\t\t<\/div>\n\t\t\t\t\t\t\t\t<\/div>\n\t\t\t\t<\/div>\n\t\t\t\t\t<\/div>\n\t\t<\/div>\n\t\t\t\t<div class=\"elementor-column elementor-col-33 elementor-inner-column elementor-element elementor-element-047c400\" data-id=\"047c400\" data-element_type=\"column\" data-settings=\"{&quot;background_background&quot;:&quot;classic&quot;}\">\n\t\t\t<div class=\"elementor-widget-wrap elementor-element-populated\">\n\t\t\t\t\t\t<div class=\"elementor-element elementor-element-2620ecb elementor-align-center elementor-widget elementor-widget-button\" data-id=\"2620ecb\" data-element_type=\"widget\" data-widget_type=\"button.default\">\n\t\t\t\t<div class=\"elementor-widget-container\">\n\t\t\t\t\t\t\t\t\t<div class=\"elementor-button-wrapper\">\n\t\t\t\t\t<a class=\"elementor-button elementor-button-link elementor-size-xl\" href=\"#verbundenheit\">\n\t\t\t\t\t\t<span class=\"elementor-button-content-wrapper\">\n\t\t\t\t\t\t\t\t\t<span class=\"elementor-button-text\">Verbundenheit<\/span>\n\t\t\t\t\t<\/span>\n\t\t\t\t\t<\/a>\n\t\t\t\t<\/div>\n\t\t\t\t\t\t\t\t<\/div>\n\t\t\t\t<\/div>\n\t\t\t\t\t<\/div>\n\t\t<\/div>\n\t\t\t\t<div class=\"elementor-column elementor-col-33 elementor-inner-column elementor-element elementor-element-2a44ecd\" data-id=\"2a44ecd\" data-element_type=\"column\" data-settings=\"{&quot;background_background&quot;:&quot;classic&quot;}\">\n\t\t\t<div class=\"elementor-widget-wrap elementor-element-populated\">\n\t\t\t\t\t\t<div class=\"elementor-element elementor-element-b4c9797 elementor-align-center elementor-widget elementor-widget-button\" data-id=\"b4c9797\" data-element_type=\"widget\" data-widget_type=\"button.default\">\n\t\t\t\t<div class=\"elementor-widget-container\">\n\t\t\t\t\t\t\t\t\t<div class=\"elementor-button-wrapper\">\n\t\t\t\t\t<a class=\"elementor-button elementor-button-link elementor-size-xl\" href=\"#lernkonzept\">\n\t\t\t\t\t\t<span class=\"elementor-button-content-wrapper\">\n\t\t\t\t\t\t\t\t\t<span class=\"elementor-button-text\">Lernkonzept<\/span>\n\t\t\t\t\t<\/span>\n\t\t\t\t\t<\/a>\n\t\t\t\t<\/div>\n\t\t\t\t\t\t\t\t<\/div>\n\t\t\t\t<\/div>\n\t\t\t\t\t<\/div>\n\t\t<\/div>\n\t\t\t\t\t<\/div>\n\t\t<\/section>\n\t\t\t\t<section class=\"elementor-section elementor-inner-section elementor-element elementor-element-9d5442e elementor-section-boxed elementor-section-height-default elementor-section-height-default\" data-id=\"9d5442e\" data-element_type=\"section\">\n\t\t\t\t\t\t<div class=\"elementor-container elementor-column-gap-default\">\n\t\t\t\t\t<div class=\"elementor-column elementor-col-33 elementor-inner-column elementor-element elementor-element-62c3769\" data-id=\"62c3769\" data-element_type=\"column\" data-settings=\"{&quot;background_background&quot;:&quot;classic&quot;}\">\n\t\t\t<div class=\"elementor-widget-wrap elementor-element-populated\">\n\t\t\t\t\t\t<div class=\"elementor-element elementor-element-e4cd1c2 elementor-align-center elementor-widget elementor-widget-button\" data-id=\"e4cd1c2\" data-element_type=\"widget\" data-widget_type=\"button.default\">\n\t\t\t\t<div class=\"elementor-widget-container\">\n\t\t\t\t\t\t\t\t\t<div class=\"elementor-button-wrapper\">\n\t\t\t\t\t<a class=\"elementor-button elementor-button-link elementor-size-xl\" href=\"#abschluss\">\n\t\t\t\t\t\t<span class=\"elementor-button-content-wrapper\">\n\t\t\t\t\t\t\t\t\t<span class=\"elementor-button-text\">Abschl\u00fcsse<\/span>\n\t\t\t\t\t<\/span>\n\t\t\t\t\t<\/a>\n\t\t\t\t<\/div>\n\t\t\t\t\t\t\t\t<\/div>\n\t\t\t\t<\/div>\n\t\t\t\t\t<\/div>\n\t\t<\/div>\n\t\t\t\t<div class=\"elementor-column elementor-col-33 elementor-inner-column elementor-element elementor-element-74db319\" data-id=\"74db319\" data-element_type=\"column\" data-settings=\"{&quot;background_background&quot;:&quot;classic&quot;}\">\n\t\t\t<div class=\"elementor-widget-wrap elementor-element-populated\">\n\t\t\t\t\t\t<div class=\"elementor-element elementor-element-85631bc elementor-align-center elementor-widget elementor-widget-button\" data-id=\"85631bc\" data-element_type=\"widget\" data-widget_type=\"button.default\">\n\t\t\t\t<div class=\"elementor-widget-container\">\n\t\t\t\t\t\t\t\t\t<div class=\"elementor-button-wrapper\">\n\t\t\t\t\t<a class=\"elementor-button elementor-button-link elementor-size-xl\" href=\"#lernumgebung\">\n\t\t\t\t\t\t<span class=\"elementor-button-content-wrapper\">\n\t\t\t\t\t\t\t\t\t<span class=\"elementor-button-text\">Lernumgebung<\/span>\n\t\t\t\t\t<\/span>\n\t\t\t\t\t<\/a>\n\t\t\t\t<\/div>\n\t\t\t\t\t\t\t\t<\/div>\n\t\t\t\t<\/div>\n\t\t\t\t\t<\/div>\n\t\t<\/div>\n\t\t\t\t<div class=\"elementor-column elementor-col-33 elementor-inner-column elementor-element elementor-element-45699f1\" data-id=\"45699f1\" data-element_type=\"column\" data-settings=\"{&quot;background_background&quot;:&quot;classic&quot;}\">\n\t\t\t<div class=\"elementor-widget-wrap elementor-element-populated\">\n\t\t\t\t\t\t<div class=\"elementor-element elementor-element-b05ac75 elementor-align-center elementor-widget elementor-widget-button\" data-id=\"b05ac75\" data-element_type=\"widget\" data-widget_type=\"button.default\">\n\t\t\t\t<div class=\"elementor-widget-container\">\n\t\t\t\t\t\t\t\t\t<div class=\"elementor-button-wrapper\">\n\t\t\t\t\t<a class=\"elementor-button elementor-button-link elementor-size-xl\" href=\"#tagesstruktur\">\n\t\t\t\t\t\t<span class=\"elementor-button-content-wrapper\">\n\t\t\t\t\t\t\t\t\t<span class=\"elementor-button-text\">Tagesstruktur<\/span>\n\t\t\t\t\t<\/span>\n\t\t\t\t\t<\/a>\n\t\t\t\t<\/div>\n\t\t\t\t\t\t\t\t<\/div>\n\t\t\t\t<\/div>\n\t\t\t\t\t<\/div>\n\t\t<\/div>\n\t\t\t\t\t<\/div>\n\t\t<\/section>\n\t\t\t\t\t<\/div>\n\t\t<\/div>\n\t\t\t\t\t<\/div>\n\t\t<\/section>\n\t\t\t\t<section class=\"elementor-section elementor-top-section elementor-element elementor-element-767b508 elementor-section-boxed elementor-section-height-default elementor-section-height-default\" data-id=\"767b508\" data-element_type=\"section\">\n\t\t\t\t\t\t<div class=\"elementor-container elementor-column-gap-no\">\n\t\t\t\t\t<div class=\"elementor-column elementor-col-100 elementor-top-column elementor-element elementor-element-f79c8e6\" data-id=\"f79c8e6\" data-element_type=\"column\">\n\t\t\t<div class=\"elementor-widget-wrap elementor-element-populated\">\n\t\t\t\t\t\t<div class=\"elementor-element elementor-element-5854996 elementor-view-stacked elementor-widget__width-auto elementor-fixed elementor-shape-circle elementor-widget elementor-widget-icon\" data-id=\"5854996\" data-element_type=\"widget\" data-settings=\"{&quot;motion_fx_motion_fx_scrolling&quot;:&quot;yes&quot;,&quot;motion_fx_opacity_effect&quot;:&quot;yes&quot;,&quot;motion_fx_opacity_range&quot;:{&quot;unit&quot;:&quot;%&quot;,&quot;size&quot;:&quot;&quot;,&quot;sizes&quot;:{&quot;start&quot;:20,&quot;end&quot;:20}},&quot;_position&quot;:&quot;fixed&quot;,&quot;motion_fx_opacity_direction&quot;:&quot;out-in&quot;,&quot;motion_fx_opacity_level&quot;:{&quot;unit&quot;:&quot;px&quot;,&quot;size&quot;:10,&quot;sizes&quot;:[]},&quot;motion_fx_devices&quot;:[&quot;desktop&quot;,&quot;tablet&quot;,&quot;mobile&quot;]}\" data-widget_type=\"icon.default\">\n\t\t\t\t<div class=\"elementor-widget-container\">\n\t\t\t\t\t\t\t<div class=\"elementor-icon-wrapper\">\n\t\t\t<a class=\"elementor-icon\" href=\"#konzept-header\">\n\t\t\t<i aria-hidden=\"true\" class=\"fas fa-arrow-up\"><\/i>\t\t\t<\/a>\n\t\t<\/div>\n\t\t\t\t\t\t<\/div>\n\t\t\t\t<\/div>\n\t\t\t\t<div class=\"elementor-element elementor-element-99b1b23 elementor-widget elementor-widget-heading\" data-id=\"99b1b23\" data-element_type=\"widget\" data-widget_type=\"heading.default\">\n\t\t\t\t<div class=\"elementor-widget-container\">\n\t\t\t\t\t<h2 class=\"elementor-heading-title elementor-size-default\">Ort der Begegnung<\/h2>\t\t\t\t<\/div>\n\t\t\t\t<\/div>\n\t\t\t\t\t<\/div>\n\t\t<\/div>\n\t\t\t\t\t<\/div>\n\t\t<\/section>\n\t\t\t\t<section class=\"elementor-section elementor-top-section elementor-element elementor-element-fd97896 elementor-section-content-middle elementor-reverse-mobile elementor-section-boxed elementor-section-height-default elementor-section-height-default\" data-id=\"fd97896\" data-element_type=\"section\" id=\"gemeinschaft\">\n\t\t\t\t\t\t<div class=\"elementor-container elementor-column-gap-no\">\n\t\t\t\t\t<div class=\"elementor-column elementor-col-50 elementor-top-column elementor-element elementor-element-9a2a25b\" data-id=\"9a2a25b\" data-element_type=\"column\">\n\t\t\t<div class=\"elementor-widget-wrap elementor-element-populated\">\n\t\t\t\t\t\t<div class=\"elementor-element elementor-element-e4c433d elementor-widget elementor-widget-heading\" data-id=\"e4c433d\" data-element_type=\"widget\" data-widget_type=\"heading.default\">\n\t\t\t\t<div class=\"elementor-widget-container\">\n\t\t\t\t\t<h2 class=\"elementor-heading-title elementor-size-default\">Gemeinschaft<\/h2>\t\t\t\t<\/div>\n\t\t\t\t<\/div>\n\t\t\t\t<div class=\"elementor-element elementor-element-0324351 elementor-widget elementor-widget-accordion\" data-id=\"0324351\" data-element_type=\"widget\" data-widget_type=\"accordion.default\">\n\t\t\t\t<div class=\"elementor-widget-container\">\n\t\t\t\t\t\t\t<div class=\"elementor-accordion\">\n\t\t\t\t\t\t\t<div class=\"elementor-accordion-item\">\n\t\t\t\t\t<div id=\"elementor-tab-title-3291\" class=\"elementor-tab-title\" data-tab=\"1\" role=\"button\" aria-controls=\"elementor-tab-content-3291\" aria-expanded=\"false\">\n\t\t\t\t\t\t\t\t\t\t\t\t\t<span class=\"elementor-accordion-icon elementor-accordion-icon-left\" aria-hidden=\"true\">\n\t\t\t\t\t\t\t\t\t\t\t\t\t\t\t<span class=\"elementor-accordion-icon-closed\"><i class=\"fas fa-caret-down\"><\/i><\/span>\n\t\t\t\t\t\t\t\t<span class=\"elementor-accordion-icon-opened\"><i class=\"fas fa-caret-up\"><\/i><\/span>\n\t\t\t\t\t\t\t\t\t\t\t\t\t\t<\/span>\n\t\t\t\t\t\t\t\t\t\t\t\t<a class=\"elementor-accordion-title\" tabindex=\"0\">Gewaltfreie Kommunikation<\/a>\n\t\t\t\t\t<\/div>\n\t\t\t\t\t<div id=\"elementor-tab-content-3291\" class=\"elementor-tab-content elementor-clearfix\" data-tab=\"1\" role=\"region\" aria-labelledby=\"elementor-tab-title-3291\"><p>Gewaltfreie Kommunikation, GFK, nach Dr. Marshall Rosenberg &#8211; Eine konkrete Kommunikationstechnik und Haltung im Umgang mit anderen Menschen und uns selbst. Ziel ist es, sich mit seinem mitf\u00fchlenden Wesen zu verbinden und von dort heraus mit dem Herzen eine Verbindung zu seinen Mitmenschen aufzubauen. Die Theorie der gewaltfreien Kommunikation besagt, dass alle unsere Taten die Erf\u00fcllung unserer Bed\u00fcrfnisse zum Ziel haben. Unsere Gef\u00fchle zeigen uns, ob unsere Bed\u00fcrfnisse erf\u00fcllt oder nicht erf\u00fcllt sind. Die GFK ist zun\u00e4chst ein Werkzeug, welches unsere Kommunikations- und Umgangsf\u00e4higkeiten erweitert und verfeinert: Sich seiner zugrunde liegenden Bed\u00fcrfnisse klar zu werden und diese auf eine empathische Art und Weise klar auszudr\u00fccken. Ehrlich, klar und einf\u00fchlsam dem Anderen zuzuh\u00f6ren und zu begegnen, das trainiert man bei der GFK. An der Ananda wird die Haltung der GFK gelebt. Die Methoden und Schritte der GFK werden von allen Mitgliedern der Ananda erlernt und vertieft. So entsteht eine empathische und wertsch\u00e4tzende Atmosph\u00e4re im Miteinander des Schulalltags, die ICH Kraft w\u00e4chst und wurzelt. Eine WIR Kraft kann entstehen.\u00a0<\/p><\/div>\n\t\t\t\t<\/div>\n\t\t\t\t\t\t\t<div class=\"elementor-accordion-item\">\n\t\t\t\t\t<div id=\"elementor-tab-title-3292\" class=\"elementor-tab-title\" data-tab=\"2\" role=\"button\" aria-controls=\"elementor-tab-content-3292\" aria-expanded=\"false\">\n\t\t\t\t\t\t\t\t\t\t\t\t\t<span class=\"elementor-accordion-icon elementor-accordion-icon-left\" aria-hidden=\"true\">\n\t\t\t\t\t\t\t\t\t\t\t\t\t\t\t<span class=\"elementor-accordion-icon-closed\"><i class=\"fas fa-caret-down\"><\/i><\/span>\n\t\t\t\t\t\t\t\t<span class=\"elementor-accordion-icon-opened\"><i class=\"fas fa-caret-up\"><\/i><\/span>\n\t\t\t\t\t\t\t\t\t\t\t\t\t\t<\/span>\n\t\t\t\t\t\t\t\t\t\t\t\t<a class=\"elementor-accordion-title\" tabindex=\"0\">Demokratie<\/a>\n\t\t\t\t\t<\/div>\n\t\t\t\t\t<div id=\"elementor-tab-content-3292\" class=\"elementor-tab-content elementor-clearfix\" data-tab=\"2\" role=\"region\" aria-labelledby=\"elementor-tab-title-3292\"><p>Die Erwachsenen und Kinder begegnen sich an der Ananda auf Augenh\u00f6he. Der demokratische Ansatz findet sich darin, dass der Lernende zum Einen seinen Lernprozess individuell und selbstorganisiert gestalten kann. Zum Anderen haben die Lernenden ein Mitspracherecht in der w\u00f6chentlichen Schulversammlung. Die Schulversammlung findet einmal in der Woche statt. Sie ist freiwillig und bietet dem Lernenden die Chance, den Lernalltag demokratisch mitzubestimmen. Lernbegleiter und Lernende haben gleiches Stimmrecht. Des Weiteren k\u00f6nnen die Lernenden in Gremien der Schule gew\u00e4hlt werden und d\u00fcrfen in diesen vollberechtigt mitentscheiden. Das einzige Unver\u00e4nderbare an der Ananda sind die Grundpfeiler.<\/p><p><a href=\"https:\/\/www.freie-schule-ananda.de\/unsere-grundpfeiler\/\">Zu den Grundpfeilern<\/a><\/p><\/div>\n\t\t\t\t<\/div>\n\t\t\t\t\t\t\t<div class=\"elementor-accordion-item\">\n\t\t\t\t\t<div id=\"elementor-tab-title-3293\" class=\"elementor-tab-title\" data-tab=\"3\" role=\"button\" aria-controls=\"elementor-tab-content-3293\" aria-expanded=\"false\">\n\t\t\t\t\t\t\t\t\t\t\t\t\t<span class=\"elementor-accordion-icon elementor-accordion-icon-left\" aria-hidden=\"true\">\n\t\t\t\t\t\t\t\t\t\t\t\t\t\t\t<span class=\"elementor-accordion-icon-closed\"><i class=\"fas fa-caret-down\"><\/i><\/span>\n\t\t\t\t\t\t\t\t<span class=\"elementor-accordion-icon-opened\"><i class=\"fas fa-caret-up\"><\/i><\/span>\n\t\t\t\t\t\t\t\t\t\t\t\t\t\t<\/span>\n\t\t\t\t\t\t\t\t\t\t\t\t<a class=\"elementor-accordion-title\" tabindex=\"0\">Systemisches Konsensieren<\/a>\n\t\t\t\t\t<\/div>\n\t\t\t\t\t<div id=\"elementor-tab-content-3293\" class=\"elementor-tab-content elementor-clearfix\" data-tab=\"3\" role=\"region\" aria-labelledby=\"elementor-tab-title-3293\"><p>Beim systemischen Konsensieren wird aus selbst entwickelten L\u00f6sungsvorschl\u00e4gen ermittelt, welcher Vorschlag den geringsten Widerstand in jedem Einzelnen der Gruppe ausl\u00f6st. Das Ziel ist es, einen gr\u00f6\u00dftm\u00f6glichen Konsens zu erreichen, so dass die Entscheidung m\u00f6glichst von Allen mitgetragen werden kann.<\/p><\/div>\n\t\t\t\t<\/div>\n\t\t\t\t\t\t\t<div class=\"elementor-accordion-item\">\n\t\t\t\t\t<div id=\"elementor-tab-title-3294\" class=\"elementor-tab-title\" data-tab=\"4\" role=\"button\" aria-controls=\"elementor-tab-content-3294\" aria-expanded=\"false\">\n\t\t\t\t\t\t\t\t\t\t\t\t\t<span class=\"elementor-accordion-icon elementor-accordion-icon-left\" aria-hidden=\"true\">\n\t\t\t\t\t\t\t\t\t\t\t\t\t\t\t<span class=\"elementor-accordion-icon-closed\"><i class=\"fas fa-caret-down\"><\/i><\/span>\n\t\t\t\t\t\t\t\t<span class=\"elementor-accordion-icon-opened\"><i class=\"fas fa-caret-up\"><\/i><\/span>\n\t\t\t\t\t\t\t\t\t\t\t\t\t\t<\/span>\n\t\t\t\t\t\t\t\t\t\t\t\t<a class=\"elementor-accordion-title\" tabindex=\"0\">Plenum<\/a>\n\t\t\t\t\t<\/div>\n\t\t\t\t\t<div id=\"elementor-tab-content-3294\" class=\"elementor-tab-content elementor-clearfix\" data-tab=\"4\" role=\"region\" aria-labelledby=\"elementor-tab-title-3294\"><p>Einmal im Monat findet regelm\u00e4\u00dfig ein Plenum statt, an welchem die gesamte Gemeinschaft der Ananda teilnimmt. Das Plenum erm\u00f6glicht den Kindern, alleine oder in einer Gruppe, k\u00fcnstlerische oder theoretische Arbeiten, vorzustellen und im Anschluss zu reflektieren.<\/p><\/div>\n\t\t\t\t<\/div>\n\t\t\t\t\t\t\t<div class=\"elementor-accordion-item\">\n\t\t\t\t\t<div id=\"elementor-tab-title-3295\" class=\"elementor-tab-title\" data-tab=\"5\" role=\"button\" aria-controls=\"elementor-tab-content-3295\" aria-expanded=\"false\">\n\t\t\t\t\t\t\t\t\t\t\t\t\t<span class=\"elementor-accordion-icon elementor-accordion-icon-left\" aria-hidden=\"true\">\n\t\t\t\t\t\t\t\t\t\t\t\t\t\t\t<span class=\"elementor-accordion-icon-closed\"><i class=\"fas fa-caret-down\"><\/i><\/span>\n\t\t\t\t\t\t\t\t<span class=\"elementor-accordion-icon-opened\"><i class=\"fas fa-caret-up\"><\/i><\/span>\n\t\t\t\t\t\t\t\t\t\t\t\t\t\t<\/span>\n\t\t\t\t\t\t\t\t\t\t\t\t<a class=\"elementor-accordion-title\" tabindex=\"0\">Feste feiern<\/a>\n\t\t\t\t\t<\/div>\n\t\t\t\t\t<div id=\"elementor-tab-content-3295\" class=\"elementor-tab-content elementor-clearfix\" data-tab=\"5\" role=\"region\" aria-labelledby=\"elementor-tab-title-3295\"><p>An der Ananda sind Feste ein fester Bestandteil zur Schaffung einer positiven Lebenskultur und f\u00fcr das Erleben kultureller Vielfalt.<\/p><\/div>\n\t\t\t\t<\/div>\n\t\t\t\t\t\t\t\t<\/div>\n\t\t\t\t\t\t<\/div>\n\t\t\t\t<\/div>\n\t\t\t\t\t<\/div>\n\t\t<\/div>\n\t\t\t\t<div class=\"elementor-column elementor-col-50 elementor-top-column elementor-element elementor-element-9a79998 elementor-hidden-phone animated-slow elementor-invisible\" data-id=\"9a79998\" data-element_type=\"column\" data-settings=\"{&quot;background_background&quot;:&quot;classic&quot;,&quot;animation&quot;:&quot;fadeInRight&quot;,&quot;animation_delay&quot;:100}\">\n\t\t\t<div class=\"elementor-widget-wrap\">\n\t\t\t\t\t\t\t<\/div>\n\t\t<\/div>\n\t\t\t\t\t<\/div>\n\t\t<\/section>\n\t\t\t\t<section class=\"elementor-section elementor-top-section elementor-element elementor-element-ba08a45 elementor-section-content-middle elementor-reverse-mobile elementor-section-boxed elementor-section-height-default elementor-section-height-default\" data-id=\"ba08a45\" data-element_type=\"section\" id=\"verbundenheit\">\n\t\t\t\t\t\t<div class=\"elementor-container elementor-column-gap-no\">\n\t\t\t\t\t<div class=\"elementor-column elementor-col-50 elementor-top-column elementor-element elementor-element-651afc6 elementor-hidden-phone animated-slow elementor-invisible\" data-id=\"651afc6\" data-element_type=\"column\" data-settings=\"{&quot;background_background&quot;:&quot;classic&quot;,&quot;animation&quot;:&quot;fadeInLeft&quot;,&quot;animation_delay&quot;:100}\">\n\t\t\t<div class=\"elementor-widget-wrap\">\n\t\t\t\t\t\t\t<\/div>\n\t\t<\/div>\n\t\t\t\t<div class=\"elementor-column elementor-col-50 elementor-top-column elementor-element elementor-element-3397bb1\" data-id=\"3397bb1\" data-element_type=\"column\">\n\t\t\t<div class=\"elementor-widget-wrap elementor-element-populated\">\n\t\t\t\t\t\t<div class=\"elementor-element elementor-element-27ef7bf elementor-widget elementor-widget-heading\" data-id=\"27ef7bf\" data-element_type=\"widget\" data-widget_type=\"heading.default\">\n\t\t\t\t<div class=\"elementor-widget-container\">\n\t\t\t\t\t<h2 class=\"elementor-heading-title elementor-size-default\">Verbundenheit<\/h2>\t\t\t\t<\/div>\n\t\t\t\t<\/div>\n\t\t\t\t<div class=\"elementor-element elementor-element-7db3924 elementor-widget elementor-widget-text-editor\" data-id=\"7db3924\" data-element_type=\"widget\" data-widget_type=\"text-editor.default\">\n\t\t\t\t<div class=\"elementor-widget-container\">\n\t\t\t\t\t\t\t\t\t<p>An der Ananda wird die tiefe Verbindung und Liebe zur Natur und ihren Lebewesen im Rhythmus der Jahreszeiten erlebbar und gelebt. Das Bewusstsein und die Empathie werden geschaffen f\u00fcr alles Lebendige um uns herum, um im Einklang miteinander zu leben. Es wird aus dem gesch\u00f6pft was die Natur uns zur Verf\u00fcgung stellt, was bedeutet, dass die gegenw\u00e4rtige Generation ihr Leben auf achtsame Weise so gestaltet, dass folgende Generationen in ihren M\u00f6glichkeiten zur Befriedigung ihrer Bed\u00fcrfnisse nicht eingeschr\u00e4nkt werden. Dies ist tief verbunden mit R\u00fccksichtnahme, Achtsamkeit, Weitsicht und \u00dcbernahme von Verantwortung f\u00fcr das gegenw\u00e4rtige Tun. Um diese Ziele zu verankern und sie zu verwirklichen, braucht es mutige und kreative Menschen, die sich in ihrer Selbstwirksamkeit erfahren und durch die Verbundenheit zur Natur und allen Lebewesen, ihre Intuition und Spiritualit\u00e4t frei wahrnehmen k\u00f6nnen und damit gestalterisch werden.<\/p>\t\t\t\t\t\t\t\t<\/div>\n\t\t\t\t<\/div>\n\t\t\t\t\t<\/div>\n\t\t<\/div>\n\t\t\t\t\t<\/div>\n\t\t<\/section>\n\t\t\t\t<section class=\"elementor-section elementor-top-section elementor-element elementor-element-8bb3cfc elementor-section-boxed elementor-section-height-default elementor-section-height-default\" data-id=\"8bb3cfc\" data-element_type=\"section\">\n\t\t\t\t\t\t<div class=\"elementor-container elementor-column-gap-no\">\n\t\t\t\t\t<div class=\"elementor-column elementor-col-100 elementor-top-column elementor-element elementor-element-559816c\" data-id=\"559816c\" data-element_type=\"column\">\n\t\t\t<div class=\"elementor-widget-wrap elementor-element-populated\">\n\t\t\t\t\t\t<div class=\"elementor-element elementor-element-8a49aea elementor-widget elementor-widget-heading\" data-id=\"8a49aea\" data-element_type=\"widget\" data-widget_type=\"heading.default\">\n\t\t\t\t<div class=\"elementor-widget-container\">\n\t\t\t\t\t<h2 class=\"elementor-heading-title elementor-size-default\">Ort des Lernens<\/h2>\t\t\t\t<\/div>\n\t\t\t\t<\/div>\n\t\t\t\t\t<\/div>\n\t\t<\/div>\n\t\t\t\t\t<\/div>\n\t\t<\/section>\n\t\t\t\t<section class=\"elementor-section elementor-top-section elementor-element elementor-element-fd068d0 elementor-section-content-middle elementor-reverse-mobile elementor-section-boxed elementor-section-height-default elementor-section-height-default\" data-id=\"fd068d0\" data-element_type=\"section\" id=\"lernkonzept\">\n\t\t\t\t\t\t<div class=\"elementor-container elementor-column-gap-no\">\n\t\t\t\t\t<div class=\"elementor-column elementor-col-50 elementor-top-column elementor-element elementor-element-4754ceb\" data-id=\"4754ceb\" data-element_type=\"column\">\n\t\t\t<div class=\"elementor-widget-wrap elementor-element-populated\">\n\t\t\t\t\t\t<div class=\"elementor-element elementor-element-e5d79f5 elementor-widget elementor-widget-heading\" data-id=\"e5d79f5\" data-element_type=\"widget\" data-widget_type=\"heading.default\">\n\t\t\t\t<div class=\"elementor-widget-container\">\n\t\t\t\t\t<h2 class=\"elementor-heading-title elementor-size-default\">Lernkonzept<\/h2>\t\t\t\t<\/div>\n\t\t\t\t<\/div>\n\t\t\t\t<div class=\"elementor-element elementor-element-4339ea7 elementor-widget elementor-widget-accordion\" data-id=\"4339ea7\" data-element_type=\"widget\" data-widget_type=\"accordion.default\">\n\t\t\t\t<div class=\"elementor-widget-container\">\n\t\t\t\t\t\t\t<div class=\"elementor-accordion\">\n\t\t\t\t\t\t\t<div class=\"elementor-accordion-item\">\n\t\t\t\t\t<div id=\"elementor-tab-title-7041\" class=\"elementor-tab-title\" data-tab=\"1\" role=\"button\" aria-controls=\"elementor-tab-content-7041\" aria-expanded=\"false\">\n\t\t\t\t\t\t\t\t\t\t\t\t\t<span class=\"elementor-accordion-icon elementor-accordion-icon-left\" aria-hidden=\"true\">\n\t\t\t\t\t\t\t\t\t\t\t\t\t\t\t<span class=\"elementor-accordion-icon-closed\"><i class=\"fas fa-caret-down\"><\/i><\/span>\n\t\t\t\t\t\t\t\t<span class=\"elementor-accordion-icon-opened\"><i class=\"fas fa-caret-up\"><\/i><\/span>\n\t\t\t\t\t\t\t\t\t\t\t\t\t\t<\/span>\n\t\t\t\t\t\t\t\t\t\t\t\t<a class=\"elementor-accordion-title\" tabindex=\"0\">Freies Spiel<\/a>\n\t\t\t\t\t<\/div>\n\t\t\t\t\t<div id=\"elementor-tab-content-7041\" class=\"elementor-tab-content elementor-clearfix\" data-tab=\"1\" role=\"region\" aria-labelledby=\"elementor-tab-title-7041\"><p>Die Urform des Lernens. Hier k\u00f6nnen die Kinder ihrer Kreativit\u00e4t freien Lauf lassen, die Form des Spiels und ob, oder welche Materialien hinzukommen, entscheidet das Kind selbst. Intuitiv schafft es sich Erfahrungsr\u00e4ume, in welchen ausprobiert und errungene Fertigkeiten verfestigt oder neu erworben werden k\u00f6nnen.\u00a0<\/p><\/div>\n\t\t\t\t<\/div>\n\t\t\t\t\t\t\t<div class=\"elementor-accordion-item\">\n\t\t\t\t\t<div id=\"elementor-tab-title-7042\" class=\"elementor-tab-title\" data-tab=\"2\" role=\"button\" aria-controls=\"elementor-tab-content-7042\" aria-expanded=\"false\">\n\t\t\t\t\t\t\t\t\t\t\t\t\t<span class=\"elementor-accordion-icon elementor-accordion-icon-left\" aria-hidden=\"true\">\n\t\t\t\t\t\t\t\t\t\t\t\t\t\t\t<span class=\"elementor-accordion-icon-closed\"><i class=\"fas fa-caret-down\"><\/i><\/span>\n\t\t\t\t\t\t\t\t<span class=\"elementor-accordion-icon-opened\"><i class=\"fas fa-caret-up\"><\/i><\/span>\n\t\t\t\t\t\t\t\t\t\t\t\t\t\t<\/span>\n\t\t\t\t\t\t\t\t\t\t\t\t<a class=\"elementor-accordion-title\" tabindex=\"0\">Selbstverantwortetes Lernen<\/a>\n\t\t\t\t\t<\/div>\n\t\t\t\t\t<div id=\"elementor-tab-content-7042\" class=\"elementor-tab-content elementor-clearfix\" data-tab=\"2\" role=\"region\" aria-labelledby=\"elementor-tab-title-7042\"><p>An der Ananda kann jeder Lernende seinen individuellen Lernweg selbst gestalten. Seinen Lernweg findet der Lernende einerseits dadurch, dass er seinen Impulsen folgt und anderseits durch das Anstreben eines selbst gew\u00e4hlten Zieles. Im Portfolio sammelt der Lernende prim\u00e4r alles, um es dann f\u00fcr das Jahresportfolio zu sortieren. So bildet der Lernende im Jahresportfolio sein Schuljahr ab. Im Lerntagebuch kann der Lernende Ziele formulieren, reflektieren und gemeinsam mit dem Lernbegleiter besprechen.<\/p><p>In Lernstuben findet der Lernende eine f\u00e4cherspezifische, vorbereitete Lernumgebung. Diesen Lernstuben wohnt immer ein Lernstubenbegleiter bei, welcher nach Bedarf Unterst\u00fctzung und Anst\u00f6\u00dfe geben kann. So finden die Lernbed\u00fcrfnisse des Lernenden Ber\u00fccksichtigung und k\u00f6nnen auf einf\u00fchlsame Weise begleitet werden. Der Lernende entscheidet sich t\u00e4glich neu f\u00fcr eine Lernstube. Hier wird das freie Lernen besonders gelebt.<\/p><p>F\u00e4cher\u00fcbergreifende Projekte bieten einen idealen Rahmen f\u00fcr vernetztes und f\u00e4cher\u00fcbergreifendes Lernen. Hier werden Themen aus verschiedenen Perspektiven der Projektteilnehmer gemeinsam erarbeitet und ggf. der Schulgemeinschaft vorgestellt. Der Lernende ist \u00fcber den Zeitraum des Projekts ein verbindlicher Teil der Projektgruppe.<\/p><p>Durch den Wechsel von Lernstube und Projekt ist sowohl individuelle Freiheit, wie auch Verbindlichkeit aus einer Sache heraus f\u00fcr die Lernenden erlebbar.<\/p><\/div>\n\t\t\t\t<\/div>\n\t\t\t\t\t\t\t<div class=\"elementor-accordion-item\">\n\t\t\t\t\t<div id=\"elementor-tab-title-7043\" class=\"elementor-tab-title\" data-tab=\"3\" role=\"button\" aria-controls=\"elementor-tab-content-7043\" aria-expanded=\"false\">\n\t\t\t\t\t\t\t\t\t\t\t\t\t<span class=\"elementor-accordion-icon elementor-accordion-icon-left\" aria-hidden=\"true\">\n\t\t\t\t\t\t\t\t\t\t\t\t\t\t\t<span class=\"elementor-accordion-icon-closed\"><i class=\"fas fa-caret-down\"><\/i><\/span>\n\t\t\t\t\t\t\t\t<span class=\"elementor-accordion-icon-opened\"><i class=\"fas fa-caret-up\"><\/i><\/span>\n\t\t\t\t\t\t\t\t\t\t\t\t\t\t<\/span>\n\t\t\t\t\t\t\t\t\t\t\t\t<a class=\"elementor-accordion-title\" tabindex=\"0\">Selbstwirksamkeit f\u00f6rdern und erfahren<\/a>\n\t\t\t\t\t<\/div>\n\t\t\t\t\t<div id=\"elementor-tab-content-7043\" class=\"elementor-tab-content elementor-clearfix\" data-tab=\"3\" role=\"region\" aria-labelledby=\"elementor-tab-title-7043\"><p>Menschen mit einer hohen Selbstwirksamkeit glauben an ihre eigene Handlungsf\u00e4higkeit, erleben sich als aktive Gestalter ihres Lebens und sehen Fragen, Probleme und Krisen als positive Herausforderungen. Sie sind davon \u00fcberzeugt, selbst etwas bewirken zu k\u00f6nnen. W\u00e4hrend Kleinkinder noch \u00fcber eine sehr hohe Selbstwirksamkeit verf\u00fcgen und m\u00fchelos die schwierigsten Aufgaben meistern, verlieren viele Kinder dieses Vertrauen im Laufe ihrer Schulzeit sehr schnell. Um diesen Glauben an sich selbst zu erhalten oder wieder entdecken zu k\u00f6nnen, brauchen Kinder Erfolgserlebnisse und eine achtsame Begleitung im Umgang mit eigenen Erwartungen, Angst und Stress.<\/p><p>An der Ananda m\u00f6chten wir f\u00fcr die Kinder ein Umfeld gestalten, indem sie genau diese Erfahrungen sammeln d\u00fcrfen, sich immer wieder als selbstwirksame Pers\u00f6nlichkeiten erleben k\u00f6nnen und langfristig in der Lage sind, ihre Ziele, Tr\u00e4ume und Visionen erfolgreich zu realisieren &#8211; Wirksam aus sich selbst heraus.<\/p><\/div>\n\t\t\t\t<\/div>\n\t\t\t\t\t\t\t<div class=\"elementor-accordion-item\">\n\t\t\t\t\t<div id=\"elementor-tab-title-7044\" class=\"elementor-tab-title\" data-tab=\"4\" role=\"button\" aria-controls=\"elementor-tab-content-7044\" aria-expanded=\"false\">\n\t\t\t\t\t\t\t\t\t\t\t\t\t<span class=\"elementor-accordion-icon elementor-accordion-icon-left\" aria-hidden=\"true\">\n\t\t\t\t\t\t\t\t\t\t\t\t\t\t\t<span class=\"elementor-accordion-icon-closed\"><i class=\"fas fa-caret-down\"><\/i><\/span>\n\t\t\t\t\t\t\t\t<span class=\"elementor-accordion-icon-opened\"><i class=\"fas fa-caret-up\"><\/i><\/span>\n\t\t\t\t\t\t\t\t\t\t\t\t\t\t<\/span>\n\t\t\t\t\t\t\t\t\t\t\t\t<a class=\"elementor-accordion-title\" tabindex=\"0\">Altersgemischte Lerngruppen<\/a>\n\t\t\t\t\t<\/div>\n\t\t\t\t\t<div id=\"elementor-tab-content-7044\" class=\"elementor-tab-content elementor-clearfix\" data-tab=\"4\" role=\"region\" aria-labelledby=\"elementor-tab-title-7044\"><p>Die Ananda ist ein Ort ohne Jahrgangsklassen. Das Lernen findet in altersgemischten Gruppen statt. So begegnen die Lernenden Kindern aller Altersstufen und k\u00f6nnen in selbstgew\u00e4hlten Austausch treten, sich inspirieren lassen, sich gegenseitig unterst\u00fctzen und bereichern.<\/p><\/div>\n\t\t\t\t<\/div>\n\t\t\t\t\t\t\t<div class=\"elementor-accordion-item\">\n\t\t\t\t\t<div id=\"elementor-tab-title-7045\" class=\"elementor-tab-title\" data-tab=\"5\" role=\"button\" aria-controls=\"elementor-tab-content-7045\" aria-expanded=\"false\">\n\t\t\t\t\t\t\t\t\t\t\t\t\t<span class=\"elementor-accordion-icon elementor-accordion-icon-left\" aria-hidden=\"true\">\n\t\t\t\t\t\t\t\t\t\t\t\t\t\t\t<span class=\"elementor-accordion-icon-closed\"><i class=\"fas fa-caret-down\"><\/i><\/span>\n\t\t\t\t\t\t\t\t<span class=\"elementor-accordion-icon-opened\"><i class=\"fas fa-caret-up\"><\/i><\/span>\n\t\t\t\t\t\t\t\t\t\t\t\t\t\t<\/span>\n\t\t\t\t\t\t\t\t\t\t\t\t<a class=\"elementor-accordion-title\" tabindex=\"0\">Notenfrei<\/a>\n\t\t\t\t\t<\/div>\n\t\t\t\t\t<div id=\"elementor-tab-content-7045\" class=\"elementor-tab-content elementor-clearfix\" data-tab=\"5\" role=\"region\" aria-labelledby=\"elementor-tab-title-7045\"><p>Durch den bewertungsfreien Umgang miteinander, gibt es bei uns an der Ananda, keine Noten. Noten erzeugen einen Raum der Konkurrenz und des Drucks. Wir m\u00f6chten ein Umfeld der Akzeptanz, des Vertrauens und der gegenseitigen Bereicherung erschaffen, in welchem Noten hinderlich sind. Hierzu gibt es auch immer mehr Berichte und Forschungen, die dies best\u00e4tigen (z.B. Br\u00fcgelmann und Backhaus, 2006).<\/p><\/div>\n\t\t\t\t<\/div>\n\t\t\t\t\t\t\t<div class=\"elementor-accordion-item\">\n\t\t\t\t\t<div id=\"elementor-tab-title-7046\" class=\"elementor-tab-title\" data-tab=\"6\" role=\"button\" aria-controls=\"elementor-tab-content-7046\" aria-expanded=\"false\">\n\t\t\t\t\t\t\t\t\t\t\t\t\t<span class=\"elementor-accordion-icon elementor-accordion-icon-left\" aria-hidden=\"true\">\n\t\t\t\t\t\t\t\t\t\t\t\t\t\t\t<span class=\"elementor-accordion-icon-closed\"><i class=\"fas fa-caret-down\"><\/i><\/span>\n\t\t\t\t\t\t\t\t<span class=\"elementor-accordion-icon-opened\"><i class=\"fas fa-caret-up\"><\/i><\/span>\n\t\t\t\t\t\t\t\t\t\t\t\t\t\t<\/span>\n\t\t\t\t\t\t\t\t\t\t\t\t<a class=\"elementor-accordion-title\" tabindex=\"0\">Hausaufgabenfrei<\/a>\n\t\t\t\t\t<\/div>\n\t\t\t\t\t<div id=\"elementor-tab-content-7046\" class=\"elementor-tab-content elementor-clearfix\" data-tab=\"6\" role=\"region\" aria-labelledby=\"elementor-tab-title-7046\"><p>Die Lernenden erhalten an der Ananda keine Hausaufgaben, so wie es mittlerweile an zahlreichen staatlichen und freien Schulen \u00fcblich ist.\u00a0<\/p><\/div>\n\t\t\t\t<\/div>\n\t\t\t\t\t\t\t<div class=\"elementor-accordion-item\">\n\t\t\t\t\t<div id=\"elementor-tab-title-7047\" class=\"elementor-tab-title\" data-tab=\"7\" role=\"button\" aria-controls=\"elementor-tab-content-7047\" aria-expanded=\"false\">\n\t\t\t\t\t\t\t\t\t\t\t\t\t<span class=\"elementor-accordion-icon elementor-accordion-icon-left\" aria-hidden=\"true\">\n\t\t\t\t\t\t\t\t\t\t\t\t\t\t\t<span class=\"elementor-accordion-icon-closed\"><i class=\"fas fa-caret-down\"><\/i><\/span>\n\t\t\t\t\t\t\t\t<span class=\"elementor-accordion-icon-opened\"><i class=\"fas fa-caret-up\"><\/i><\/span>\n\t\t\t\t\t\t\t\t\t\t\t\t\t\t<\/span>\n\t\t\t\t\t\t\t\t\t\t\t\t<a class=\"elementor-accordion-title\" tabindex=\"0\">Praktika & Ausfl\u00fcge<\/a>\n\t\t\t\t\t<\/div>\n\t\t\t\t\t<div id=\"elementor-tab-content-7047\" class=\"elementor-tab-content elementor-clearfix\" data-tab=\"7\" role=\"region\" aria-labelledby=\"elementor-tab-title-7047\"><p>Ausfl\u00fcge in die Natur und an gesellschaftliche Orte sind jederzeit willkommen. Exkursionen im Rahmen der Projekte, wie auch Praktika, k\u00f6nnen die Lernenden jederzeit absolvieren.<\/p><\/div>\n\t\t\t\t<\/div>\n\t\t\t\t\t\t\t<div class=\"elementor-accordion-item\">\n\t\t\t\t\t<div id=\"elementor-tab-title-7048\" class=\"elementor-tab-title\" data-tab=\"8\" role=\"button\" aria-controls=\"elementor-tab-content-7048\" aria-expanded=\"false\">\n\t\t\t\t\t\t\t\t\t\t\t\t\t<span class=\"elementor-accordion-icon elementor-accordion-icon-left\" aria-hidden=\"true\">\n\t\t\t\t\t\t\t\t\t\t\t\t\t\t\t<span class=\"elementor-accordion-icon-closed\"><i class=\"fas fa-caret-down\"><\/i><\/span>\n\t\t\t\t\t\t\t\t<span class=\"elementor-accordion-icon-opened\"><i class=\"fas fa-caret-up\"><\/i><\/span>\n\t\t\t\t\t\t\t\t\t\t\t\t\t\t<\/span>\n\t\t\t\t\t\t\t\t\t\t\t\t<a class=\"elementor-accordion-title\" tabindex=\"0\">Lerncoach, Lernstubenbegleiter & Projektleiter<\/a>\n\t\t\t\t\t<\/div>\n\t\t\t\t\t<div id=\"elementor-tab-content-7048\" class=\"elementor-tab-content elementor-clearfix\" data-tab=\"8\" role=\"region\" aria-labelledby=\"elementor-tab-title-7048\"><p>Der Lerncoach ist eine zentrale Begleit- und Bindungsperson f\u00fcr die Kinder. Er hat die individuellen Lern- und Entwicklungsprozesse der Lernenden als Hauptverantwortlicher durch achtsames Beobachten und das Feedback anderer Lernbegleiter im Blick. Der Lerncoach ist ebenfalls Begleiter einer Startgruppe \u00fcber einen langen Zeitraum (Startgruppe ist eine Gruppe von maximal 12 Kindern, welche den Tag gemeinsam beginnen und beenden). Zudem kann der Lerncoach auch Lernstubenbegleiter, wie auch Projektleiter sein. Der Lernstubenbegleiter begleitet eine Lernstube, welche seiner Fachrichtung entspricht. Seine Aufgabe besteht darin, den Lernenden in seinem Fachgebiet dabei zu unterst\u00fctzen, sich zunehmend eigenst\u00e4ndig immer komplexeren Themen und Fragestellungen zu widmen. Diese Unterst\u00fctzung gibt er nach achtsamem Beobachten bei Bedarf durch z.B. zus\u00e4tzliche Materialien. Projektleiter sind interne oder externe Fachkr\u00e4fte, welche ein zeitlich begrenztes Projekt anbieten.<\/p><\/div>\n\t\t\t\t<\/div>\n\t\t\t\t\t\t\t\t<\/div>\n\t\t\t\t\t\t<\/div>\n\t\t\t\t<\/div>\n\t\t\t\t\t<\/div>\n\t\t<\/div>\n\t\t\t\t<div class=\"elementor-column elementor-col-50 elementor-top-column elementor-element elementor-element-b0a6fc4 elementor-hidden-phone animated-slow elementor-invisible\" data-id=\"b0a6fc4\" data-element_type=\"column\" data-settings=\"{&quot;background_background&quot;:&quot;classic&quot;,&quot;animation&quot;:&quot;fadeInRight&quot;,&quot;animation_delay&quot;:100}\">\n\t\t\t<div class=\"elementor-widget-wrap\">\n\t\t\t\t\t\t\t<\/div>\n\t\t<\/div>\n\t\t\t\t\t<\/div>\n\t\t<\/section>\n\t\t\t\t<section class=\"elementor-section elementor-top-section elementor-element elementor-element-99a8c8f elementor-section-content-middle elementor-reverse-mobile elementor-section-boxed elementor-section-height-default elementor-section-height-default\" data-id=\"99a8c8f\" data-element_type=\"section\" id=\"abschluss\">\n\t\t\t\t\t\t<div class=\"elementor-container elementor-column-gap-no\">\n\t\t\t\t\t<div class=\"elementor-column elementor-col-50 elementor-top-column elementor-element elementor-element-e37ed18 elementor-hidden-phone animated-slow elementor-invisible\" data-id=\"e37ed18\" data-element_type=\"column\" data-settings=\"{&quot;background_background&quot;:&quot;classic&quot;,&quot;animation&quot;:&quot;fadeInLeft&quot;,&quot;animation_delay&quot;:100}\">\n\t\t\t<div class=\"elementor-widget-wrap\">\n\t\t\t\t\t\t\t<\/div>\n\t\t<\/div>\n\t\t\t\t<div class=\"elementor-column elementor-col-50 elementor-top-column elementor-element elementor-element-627b3a3\" data-id=\"627b3a3\" data-element_type=\"column\">\n\t\t\t<div class=\"elementor-widget-wrap elementor-element-populated\">\n\t\t\t\t\t\t<div class=\"elementor-element elementor-element-a92b925 elementor-widget elementor-widget-heading\" data-id=\"a92b925\" data-element_type=\"widget\" data-widget_type=\"heading.default\">\n\t\t\t\t<div class=\"elementor-widget-container\">\n\t\t\t\t\t<h2 class=\"elementor-heading-title elementor-size-default\">Abschl\u00fcsse<\/h2>\t\t\t\t<\/div>\n\t\t\t\t<\/div>\n\t\t\t\t<div class=\"elementor-element elementor-element-0f7881c elementor-widget elementor-widget-text-editor\" data-id=\"0f7881c\" data-element_type=\"widget\" data-widget_type=\"text-editor.default\">\n\t\t\t\t<div class=\"elementor-widget-container\">\n\t\t\t\t\t\t\t\t\t<p>Der Abschluss an der Ananda ist ein Abschlussportfolio. Die staatlichen Abschl\u00fcsse vom Hauptschulabschluss bis zur allgemeinen Hochschulreife werden an der Ananda, falls der Lernende dies m\u00f6chte, an staatlichen Schulen als Schulfremdenpr\u00fcfung abgelegt.<\/p>\t\t\t\t\t\t\t\t<\/div>\n\t\t\t\t<\/div>\n\t\t\t\t\t<\/div>\n\t\t<\/div>\n\t\t\t\t\t<\/div>\n\t\t<\/section>\n\t\t\t\t<section class=\"elementor-section elementor-top-section elementor-element elementor-element-24bf349 elementor-section-content-middle elementor-reverse-mobile elementor-section-boxed elementor-section-height-default elementor-section-height-default\" data-id=\"24bf349\" data-element_type=\"section\" id=\"lernumgebung\">\n\t\t\t\t\t\t<div class=\"elementor-container elementor-column-gap-no\">\n\t\t\t\t\t<div class=\"elementor-column elementor-col-50 elementor-top-column elementor-element elementor-element-7fa4330\" data-id=\"7fa4330\" data-element_type=\"column\">\n\t\t\t<div class=\"elementor-widget-wrap elementor-element-populated\">\n\t\t\t\t\t\t<div class=\"elementor-element elementor-element-274c3f0 elementor-widget elementor-widget-heading\" data-id=\"274c3f0\" data-element_type=\"widget\" data-widget_type=\"heading.default\">\n\t\t\t\t<div class=\"elementor-widget-container\">\n\t\t\t\t\t<h2 class=\"elementor-heading-title elementor-size-default\">Lernumgebung<\/h2>\t\t\t\t<\/div>\n\t\t\t\t<\/div>\n\t\t\t\t<div class=\"elementor-element elementor-element-cd2a9f2 elementor-widget elementor-widget-text-editor\" data-id=\"cd2a9f2\" data-element_type=\"widget\" data-widget_type=\"text-editor.default\">\n\t\t\t\t<div class=\"elementor-widget-container\">\n\t\t\t\t\t\t\t\t\t<p>In der Lernumgebung achten wir darauf, dass das Grundprinzip Beziehung statt Erziehung voll zum Tragen kommt.<\/p>\t\t\t\t\t\t\t\t<\/div>\n\t\t\t\t<\/div>\n\t\t\t\t<div class=\"elementor-element elementor-element-34f1ebc elementor-widget elementor-widget-accordion\" data-id=\"34f1ebc\" data-element_type=\"widget\" data-widget_type=\"accordion.default\">\n\t\t\t\t<div class=\"elementor-widget-container\">\n\t\t\t\t\t\t\t<div class=\"elementor-accordion\">\n\t\t\t\t\t\t\t<div class=\"elementor-accordion-item\">\n\t\t\t\t\t<div id=\"elementor-tab-title-5551\" class=\"elementor-tab-title\" data-tab=\"1\" role=\"button\" aria-controls=\"elementor-tab-content-5551\" aria-expanded=\"false\">\n\t\t\t\t\t\t\t\t\t\t\t\t\t<span class=\"elementor-accordion-icon elementor-accordion-icon-left\" aria-hidden=\"true\">\n\t\t\t\t\t\t\t\t\t\t\t\t\t\t\t<span class=\"elementor-accordion-icon-closed\"><i class=\"fas fa-caret-down\"><\/i><\/span>\n\t\t\t\t\t\t\t\t<span class=\"elementor-accordion-icon-opened\"><i class=\"fas fa-caret-up\"><\/i><\/span>\n\t\t\t\t\t\t\t\t\t\t\t\t\t\t<\/span>\n\t\t\t\t\t\t\t\t\t\t\t\t<a class=\"elementor-accordion-title\" tabindex=\"0\">Pers\u00f6nliche und individuelle Betreuung durch festen Lerncoach<\/a>\n\t\t\t\t\t<\/div>\n\t\t\t\t\t<div id=\"elementor-tab-content-5551\" class=\"elementor-tab-content elementor-clearfix\" data-tab=\"1\" role=\"region\" aria-labelledby=\"elementor-tab-title-5551\"><p>Der Lerncoach, wie auch die Lernstubenbegleiter und Projektleiter, stehen den Lernenden unterst\u00fctzend auf eine wertfreie Art und Weise zur Seite. So k\u00f6nnen die Kinder und Jugendlichen wohlwollende Beziehungen erfahren, in denen sie sich auf dem Weg zu Wissensinhalten und sich selbst sicher und begleitet f\u00fchlen.<\/p><p>Er begegnet dem Kind und Jugendlichen auf Augenh\u00f6he und beurteilungsfrei. Er betrachtet sich selbst als Lernender.<\/p><\/div>\n\t\t\t\t<\/div>\n\t\t\t\t\t\t\t<div class=\"elementor-accordion-item\">\n\t\t\t\t\t<div id=\"elementor-tab-title-5552\" class=\"elementor-tab-title\" data-tab=\"2\" role=\"button\" aria-controls=\"elementor-tab-content-5552\" aria-expanded=\"false\">\n\t\t\t\t\t\t\t\t\t\t\t\t\t<span class=\"elementor-accordion-icon elementor-accordion-icon-left\" aria-hidden=\"true\">\n\t\t\t\t\t\t\t\t\t\t\t\t\t\t\t<span class=\"elementor-accordion-icon-closed\"><i class=\"fas fa-caret-down\"><\/i><\/span>\n\t\t\t\t\t\t\t\t<span class=\"elementor-accordion-icon-opened\"><i class=\"fas fa-caret-up\"><\/i><\/span>\n\t\t\t\t\t\t\t\t\t\t\t\t\t\t<\/span>\n\t\t\t\t\t\t\t\t\t\t\t\t<a class=\"elementor-accordion-title\" tabindex=\"0\">Lernstuben mit Wohlf\u00fchlatmosph\u00e4re<\/a>\n\t\t\t\t\t<\/div>\n\t\t\t\t\t<div id=\"elementor-tab-content-5552\" class=\"elementor-tab-content elementor-clearfix\" data-tab=\"2\" role=\"region\" aria-labelledby=\"elementor-tab-title-5552\"><p>Die Lernstuben sind R\u00e4ume, in denen die Lernenden didaktisches Material thematisch geordnet im Sinne einer vorbereitenden Lernumgebung zum Selbstlernen vorfinden. Das didaktische Material ist breit gef\u00e4chert und besteht z.B. aus Montessori- Materialien, Computerlernprogrammen, Schulb\u00fcchern, Arbeitsbl\u00e4ttern, Plakaten und wird st\u00e4ndig erg\u00e4nzt und aktualisiert. Lernenden, mit entsprechenden Voraussetzungen steht auch kabelgebundenes Internet zur Verf\u00fcgung. Die Lernstuben sind durch Farben, Bilder oder \u00e4hnliches freudvoll und belebt gestaltet. Lernstuben sind alle relevanten F\u00e4cher, wie auch Kunst, Musik und Bewegung.<\/p><\/div>\n\t\t\t\t<\/div>\n\t\t\t\t\t\t\t<div class=\"elementor-accordion-item\">\n\t\t\t\t\t<div id=\"elementor-tab-title-5553\" class=\"elementor-tab-title\" data-tab=\"3\" role=\"button\" aria-controls=\"elementor-tab-content-5553\" aria-expanded=\"false\">\n\t\t\t\t\t\t\t\t\t\t\t\t\t<span class=\"elementor-accordion-icon elementor-accordion-icon-left\" aria-hidden=\"true\">\n\t\t\t\t\t\t\t\t\t\t\t\t\t\t\t<span class=\"elementor-accordion-icon-closed\"><i class=\"fas fa-caret-down\"><\/i><\/span>\n\t\t\t\t\t\t\t\t<span class=\"elementor-accordion-icon-opened\"><i class=\"fas fa-caret-up\"><\/i><\/span>\n\t\t\t\t\t\t\t\t\t\t\t\t\t\t<\/span>\n\t\t\t\t\t\t\t\t\t\t\t\t<a class=\"elementor-accordion-title\" tabindex=\"0\">Schulgarten (Permakultur)<\/a>\n\t\t\t\t\t<\/div>\n\t\t\t\t\t<div id=\"elementor-tab-content-5553\" class=\"elementor-tab-content elementor-clearfix\" data-tab=\"3\" role=\"region\" aria-labelledby=\"elementor-tab-title-5553\"><p>Hier m\u00f6chte Ananda den Raum erschaffen, in welchem den Kindern, eine tiefe Verbindung und Liebe zu Tieren und der Natur im Rhythmus der Jahreszeiten erlebbar gemacht wird. Das Bewusstsein und die Empathie werden gef\u00f6rdert f\u00fcr alles Lebendige in der uns umgebenden Welt. Aus dem Garten gehen die Erzeugnisse in die Schulk\u00fcche und werden dort zu unserem t\u00e4glichen Mittagessen weiterverarbeitet.<\/p><\/div>\n\t\t\t\t<\/div>\n\t\t\t\t\t\t\t<div class=\"elementor-accordion-item\">\n\t\t\t\t\t<div id=\"elementor-tab-title-5554\" class=\"elementor-tab-title\" data-tab=\"4\" role=\"button\" aria-controls=\"elementor-tab-content-5554\" aria-expanded=\"false\">\n\t\t\t\t\t\t\t\t\t\t\t\t\t<span class=\"elementor-accordion-icon elementor-accordion-icon-left\" aria-hidden=\"true\">\n\t\t\t\t\t\t\t\t\t\t\t\t\t\t\t<span class=\"elementor-accordion-icon-closed\"><i class=\"fas fa-caret-down\"><\/i><\/span>\n\t\t\t\t\t\t\t\t<span class=\"elementor-accordion-icon-opened\"><i class=\"fas fa-caret-up\"><\/i><\/span>\n\t\t\t\t\t\t\t\t\t\t\t\t\t\t<\/span>\n\t\t\t\t\t\t\t\t\t\t\t\t<a class=\"elementor-accordion-title\" tabindex=\"0\">Strahlenreduziert<\/a>\n\t\t\t\t\t<\/div>\n\t\t\t\t\t<div id=\"elementor-tab-content-5554\" class=\"elementor-tab-content elementor-clearfix\" data-tab=\"4\" role=\"region\" aria-labelledby=\"elementor-tab-title-5554\"><p>Um an der Ananda einen m\u00f6glichst strahlenfreien und so gesundheitsf\u00f6rderlichen, entspannenden und konzentrationsf\u00f6rdernden Raum zu gestalten, gibt es ausschlie\u00dflich kabelgebundenes Internet und Telefon. Handys sind ausgeschaltet oder im Flugmodus.<\/p><\/div>\n\t\t\t\t<\/div>\n\t\t\t\t\t\t\t<div class=\"elementor-accordion-item\">\n\t\t\t\t\t<div id=\"elementor-tab-title-5555\" class=\"elementor-tab-title\" data-tab=\"5\" role=\"button\" aria-controls=\"elementor-tab-content-5555\" aria-expanded=\"false\">\n\t\t\t\t\t\t\t\t\t\t\t\t\t<span class=\"elementor-accordion-icon elementor-accordion-icon-left\" aria-hidden=\"true\">\n\t\t\t\t\t\t\t\t\t\t\t\t\t\t\t<span class=\"elementor-accordion-icon-closed\"><i class=\"fas fa-caret-down\"><\/i><\/span>\n\t\t\t\t\t\t\t\t<span class=\"elementor-accordion-icon-opened\"><i class=\"fas fa-caret-up\"><\/i><\/span>\n\t\t\t\t\t\t\t\t\t\t\t\t\t\t<\/span>\n\t\t\t\t\t\t\t\t\t\t\t\t<a class=\"elementor-accordion-title\" tabindex=\"0\">Maximal 120 Sch\u00fcler<\/a>\n\t\t\t\t\t<\/div>\n\t\t\t\t\t<div id=\"elementor-tab-content-5555\" class=\"elementor-tab-content elementor-clearfix\" data-tab=\"5\" role=\"region\" aria-labelledby=\"elementor-tab-title-5555\"><p>Um mit jedem Menschen an der Ananda auf einer pers\u00f6nlichen Ebene in wahrhaftigen Kontakt treten zu k\u00f6nnen haben wir uns dazu entschieden, die Sch\u00fclerzahl auf 120 Lernende zu beschr\u00e4nken.<\/p><\/div>\n\t\t\t\t<\/div>\n\t\t\t\t\t\t\t\t<\/div>\n\t\t\t\t\t\t<\/div>\n\t\t\t\t<\/div>\n\t\t\t\t\t<\/div>\n\t\t<\/div>\n\t\t\t\t<div class=\"elementor-column elementor-col-50 elementor-top-column elementor-element elementor-element-dd369b9 elementor-hidden-phone animated-slow elementor-invisible\" data-id=\"dd369b9\" data-element_type=\"column\" data-settings=\"{&quot;background_background&quot;:&quot;classic&quot;,&quot;animation&quot;:&quot;fadeInRight&quot;,&quot;animation_delay&quot;:100}\">\n\t\t\t<div class=\"elementor-widget-wrap\">\n\t\t\t\t\t\t\t<\/div>\n\t\t<\/div>\n\t\t\t\t\t<\/div>\n\t\t<\/section>\n\t\t\t\t<section class=\"elementor-section elementor-top-section elementor-element elementor-element-6632297 elementor-section-content-middle elementor-reverse-mobile elementor-section-boxed elementor-section-height-default elementor-section-height-default\" data-id=\"6632297\" data-element_type=\"section\" id=\"tagesstruktur\">\n\t\t\t\t\t\t<div class=\"elementor-container elementor-column-gap-no\">\n\t\t\t\t\t<div class=\"elementor-column elementor-col-50 elementor-top-column elementor-element elementor-element-7a764ac elementor-hidden-phone animated-slow elementor-invisible\" data-id=\"7a764ac\" data-element_type=\"column\" data-settings=\"{&quot;background_background&quot;:&quot;classic&quot;,&quot;animation&quot;:&quot;fadeInLeft&quot;,&quot;animation_delay&quot;:100}\">\n\t\t\t<div class=\"elementor-widget-wrap\">\n\t\t\t\t\t\t\t<\/div>\n\t\t<\/div>\n\t\t\t\t<div class=\"elementor-column elementor-col-50 elementor-top-column elementor-element elementor-element-59b1c88\" data-id=\"59b1c88\" data-element_type=\"column\">\n\t\t\t<div class=\"elementor-widget-wrap elementor-element-populated\">\n\t\t\t\t\t\t<div class=\"elementor-element elementor-element-ccfe6fd elementor-widget elementor-widget-heading\" data-id=\"ccfe6fd\" data-element_type=\"widget\" data-widget_type=\"heading.default\">\n\t\t\t\t<div class=\"elementor-widget-container\">\n\t\t\t\t\t<h2 class=\"elementor-heading-title elementor-size-default\">Tagesstruktur<\/h2>\t\t\t\t<\/div>\n\t\t\t\t<\/div>\n\t\t\t\t<div class=\"elementor-element elementor-element-165ec90 elementor-widget elementor-widget-text-editor\" data-id=\"165ec90\" data-element_type=\"widget\" data-widget_type=\"text-editor.default\">\n\t\t\t\t<div class=\"elementor-widget-container\">\n\t\t\t\t\t\t\t\t\t<p>Der Tag an der Ananda wird in der jeweiligen Startgruppe begonnen: Die Zeit f\u00fcr ein flexibles und entspanntes Ankommen in einer festen Gruppe.<\/p><p>Darauffolgend kommt die gesamte Schulgemeinschaft zusammen, um gemeinsam zu meditieren und zu singen, sich zu verbinden und auf den Tag einzustimmen.<\/p><p>Die Kinder und Jugendlichen gehen in ihre Lernstuben, in welchen sie freie Lernzeit innerhalb eines Faches (Mathematik, Kunst etc.) haben.<\/p><p>Die Projektzeit folgt auf die Lernstubenzeit. Wodurch ein Wechsel zwischen individueller und gemeinsamer Lernzeit entsteht.<\/p><p>Nach der Projektzeit kommen die Kinder und Jugendlichen wieder in ihren jeweiligen Startgruppen zusammen, reflektieren dort die Erlebnisse und Erfahrungen des Tages und schlie\u00dfen den Lerntag durch ein gemeinsames Ritual ab.<\/p><p>Mittagessen und freies Nachmittagsangebot folgen und schlie\u00dfen den Tag an der Ananda ab.<\/p>\t\t\t\t\t\t\t\t<\/div>\n\t\t\t\t<\/div>\n\t\t\t\t<div class=\"elementor-element elementor-element-a9bbbb6 elementor-widget elementor-widget-html\" data-id=\"a9bbbb6\" data-element_type=\"widget\" data-widget_type=\"html.default\">\n\t\t\t\t<div class=\"elementor-widget-container\">\n\t\t\t\t\t<script> \njQuery(document).ready(function($) { \nvar delay = 100; setTimeout(function() { \n$('.elementor-tab-title').removeClass('elementor-active');\n $('.elementor-tab-content').css('display', 'none'); }, delay); \n}); \n<\/script>\t\t\t\t<\/div>\n\t\t\t\t<\/div>\n\t\t\t\t\t<\/div>\n\t\t<\/div>\n\t\t\t\t\t<\/div>\n\t\t<\/section>\n\t\t\t\t<\/div>\n\t\t","protected":false},"excerpt":{"rendered":"<p>Unser Konzept Ananda \u201eAnanda\u201c stammt aus dem Sanskrit und bedeutet \u201ebedingungslose Freude, die aus sich selbst existiert\u201c. Es ist diejenige Freude, die wir erfahren, wenn wir uns in Einklang befinden. Gemeinschaft Verbundenheit Lernkonzept Abschl\u00fcsse Lernumgebung Tagesstruktur Ort der Begegnung Gemeinschaft Gewaltfreie Kommunikation Gewaltfreie Kommunikation, GFK, nach Dr. Marshall Rosenberg &#8211; Eine konkrete Kommunikationstechnik und Haltung [&hellip;]<\/p>\n","protected":false},"author":4,"featured_media":0,"parent":0,"menu_order":0,"comment_status":"closed","ping_status":"closed","template":"","meta":{"footnotes":""},"_links":{"self":[{"href":"https:\/\/www.freie-schule-ananda.de\/en\/wp-json\/wp\/v2\/pages\/595"}],"collection":[{"href":"https:\/\/www.freie-schule-ananda.de\/en\/wp-json\/wp\/v2\/pages"}],"about":[{"href":"https:\/\/www.freie-schule-ananda.de\/en\/wp-json\/wp\/v2\/types\/page"}],"author":[{"embeddable":true,"href":"https:\/\/www.freie-schule-ananda.de\/en\/wp-json\/wp\/v2\/users\/4"}],"replies":[{"embeddable":true,"href":"https:\/\/www.freie-schule-ananda.de\/en\/wp-json\/wp\/v2\/comments?post=595"}],"version-history":[{"count":117,"href":"https:\/\/www.freie-schule-ananda.de\/en\/wp-json\/wp\/v2\/pages\/595\/revisions"}],"predecessor-version":[{"id":1484,"href":"https:\/\/www.freie-schule-ananda.de\/en\/wp-json\/wp\/v2\/pages\/595\/revisions\/1484"}],"wp:attachment":[{"href":"https:\/\/www.freie-schule-ananda.de\/en\/wp-json\/wp\/v2\/media?parent=595"}],"curies":[{"name":"wp","href":"https:\/\/api.w.org\/{rel}","templated":true}]}}