{"id":180,"date":"2020-01-17T21:26:48","date_gmt":"2020-01-17T21:26:48","guid":{"rendered":"https:\/\/www.freie-schule-ananda.de\/?page_id=180"},"modified":"2021-10-20T12:21:42","modified_gmt":"2021-10-20T10:21:42","slug":"unsere-grundpfeiler","status":"publish","type":"page","link":"https:\/\/www.freie-schule-ananda.de\/en\/unsere-grundpfeiler\/","title":{"rendered":"Our cornerstones"},"content":{"rendered":"\t\t<div data-elementor-type=\"wp-page\" data-elementor-id=\"180\" class=\"elementor elementor-180\" data-elementor-post-type=\"page\">\n\t\t\t\t\t\t<section class=\"elementor-section elementor-top-section elementor-element elementor-element-adcbfc7 elementor-section-full_width elementor-section-items-bottom elementor-section-height-min-height elementor-section-height-default\" data-id=\"adcbfc7\" data-element_type=\"section\" id=\"header-grundpfeiler\" data-settings=\"{&quot;background_background&quot;:&quot;classic&quot;}\">\n\t\t\t\t\t\t<div class=\"elementor-container elementor-column-gap-no\">\n\t\t\t\t\t<div class=\"elementor-column elementor-col-100 elementor-top-column elementor-element elementor-element-7f585d7\" data-id=\"7f585d7\" data-element_type=\"column\">\n\t\t\t<div class=\"elementor-widget-wrap elementor-element-populated\">\n\t\t\t\t\t\t<div class=\"elementor-element elementor-element-3ef02ee8 elementor-widget elementor-widget-heading\" data-id=\"3ef02ee8\" data-element_type=\"widget\" data-widget_type=\"heading.default\">\n\t\t\t\t<div class=\"elementor-widget-container\">\n\t\t\t\t\t<h1 class=\"elementor-heading-title elementor-size-default\">Unsere Grundpfeiler<\/h1>\t\t\t\t<\/div>\n\t\t\t\t<\/div>\n\t\t\t\t\t<\/div>\n\t\t<\/div>\n\t\t\t\t\t<\/div>\n\t\t<\/section>\n\t\t\t\t<section class=\"elementor-section elementor-top-section elementor-element elementor-element-1af2b7de elementor-section-content-middle elementor-section-boxed elementor-section-height-default elementor-section-height-default\" data-id=\"1af2b7de\" data-element_type=\"section\" id=\"lernumgebung\">\n\t\t\t\t\t\t<div class=\"elementor-container elementor-column-gap-no\">\n\t\t\t\t\t<div class=\"elementor-column elementor-col-50 elementor-top-column elementor-element elementor-element-1076e02d\" data-id=\"1076e02d\" data-element_type=\"column\">\n\t\t\t<div class=\"elementor-widget-wrap elementor-element-populated\">\n\t\t\t\t\t\t<div class=\"elementor-element elementor-element-187cfda9 elementor-widget elementor-widget-accordion\" data-id=\"187cfda9\" data-element_type=\"widget\" data-widget_type=\"accordion.default\">\n\t\t\t\t<div class=\"elementor-widget-container\">\n\t\t\t\t\t\t\t<div class=\"elementor-accordion\">\n\t\t\t\t\t\t\t<div class=\"elementor-accordion-item\">\n\t\t\t\t\t<div id=\"elementor-tab-title-4101\" class=\"elementor-tab-title\" data-tab=\"1\" role=\"button\" aria-controls=\"elementor-tab-content-4101\" aria-expanded=\"false\">\n\t\t\t\t\t\t\t\t\t\t\t\t\t<span class=\"elementor-accordion-icon elementor-accordion-icon-left\" aria-hidden=\"true\">\n\t\t\t\t\t\t\t\t\t\t\t\t\t\t\t<span class=\"elementor-accordion-icon-closed\"><i class=\"fas fa-caret-down\"><\/i><\/span>\n\t\t\t\t\t\t\t\t<span class=\"elementor-accordion-icon-opened\"><i class=\"fas fa-caret-up\"><\/i><\/span>\n\t\t\t\t\t\t\t\t\t\t\t\t\t\t<\/span>\n\t\t\t\t\t\t\t\t\t\t\t\t<a class=\"elementor-accordion-title\" tabindex=\"0\">Verbundenheit zur Natur<\/a>\n\t\t\t\t\t<\/div>\n\t\t\t\t\t<div id=\"elementor-tab-content-4101\" class=\"elementor-tab-content elementor-clearfix\" data-tab=\"1\" role=\"region\" aria-labelledby=\"elementor-tab-title-4101\"><p>An der Ananda wird die urspr\u00fcngliche, tiefe Verbindung und Liebe zur Natur im Rhythmus der Jahreszeiten gelebt und erlebbar. Das Erleben mit allen Sinnen steht dabei im Fokus. Wir befinden uns in einem gemeinsamen Kreislauf mit allen Pflanzen und Tieren. Das Bewusstsein und die Empathie werden geschaffen f\u00fcr alles Lebendige um uns herum, um im Einklang miteinander zu leben. Es wird aus dem gesch\u00f6pft, was die Natur uns zur Verf\u00fcgung stellt. Dies hilft uns dabei, die Zusammenh\u00e4nge ganzheitlich zu erschlie\u00dfen. So wird ein tiefes Bewusstsein f\u00fcr unsere Existenz und Achtsamkeit mit der uns umgebenden Welt geschaffen.<\/p><\/div>\n\t\t\t\t<\/div>\n\t\t\t\t\t\t\t<div class=\"elementor-accordion-item\">\n\t\t\t\t\t<div id=\"elementor-tab-title-4102\" class=\"elementor-tab-title\" data-tab=\"2\" role=\"button\" aria-controls=\"elementor-tab-content-4102\" aria-expanded=\"false\">\n\t\t\t\t\t\t\t\t\t\t\t\t\t<span class=\"elementor-accordion-icon elementor-accordion-icon-left\" aria-hidden=\"true\">\n\t\t\t\t\t\t\t\t\t\t\t\t\t\t\t<span class=\"elementor-accordion-icon-closed\"><i class=\"fas fa-caret-down\"><\/i><\/span>\n\t\t\t\t\t\t\t\t<span class=\"elementor-accordion-icon-opened\"><i class=\"fas fa-caret-up\"><\/i><\/span>\n\t\t\t\t\t\t\t\t\t\t\t\t\t\t<\/span>\n\t\t\t\t\t\t\t\t\t\t\t\t<a class=\"elementor-accordion-title\" tabindex=\"0\">Bindung & Beziehung<\/a>\n\t\t\t\t\t<\/div>\n\t\t\t\t\t<div id=\"elementor-tab-content-4102\" class=\"elementor-tab-content elementor-clearfix\" data-tab=\"2\" role=\"region\" aria-labelledby=\"elementor-tab-title-4102\"><p>An der Ananda ist es unser Bestreben, dem Lernenden eine sichere und positive Bindungserfahrung zu Bezugspersonen zu erm\u00f6glichen. Eine tragf\u00e4hige Beziehung zu Bezugspersonen schafft ein Fundament und den Rahmen, auf dem eine positive Lernerfahrung aufbauen kann. Lernbegleiter und Lernende bekommen explizit Unterst\u00fctzung zu Selbstreflexion und pers\u00f6nlicher Weiterentwicklung, wie z.B. Supervision. Konfliktbehaftete Prozesse werden bei Bedarf mit Mediation gekl\u00e4rt und zwischenmenschliche Beziehungen durch gewaltfreie Kommunikation gest\u00e4rkt.<\/p><\/div>\n\t\t\t\t<\/div>\n\t\t\t\t\t\t\t<div class=\"elementor-accordion-item\">\n\t\t\t\t\t<div id=\"elementor-tab-title-4103\" class=\"elementor-tab-title\" data-tab=\"3\" role=\"button\" aria-controls=\"elementor-tab-content-4103\" aria-expanded=\"false\">\n\t\t\t\t\t\t\t\t\t\t\t\t\t<span class=\"elementor-accordion-icon elementor-accordion-icon-left\" aria-hidden=\"true\">\n\t\t\t\t\t\t\t\t\t\t\t\t\t\t\t<span class=\"elementor-accordion-icon-closed\"><i class=\"fas fa-caret-down\"><\/i><\/span>\n\t\t\t\t\t\t\t\t<span class=\"elementor-accordion-icon-opened\"><i class=\"fas fa-caret-up\"><\/i><\/span>\n\t\t\t\t\t\t\t\t\t\t\t\t\t\t<\/span>\n\t\t\t\t\t\t\t\t\t\t\t\t<a class=\"elementor-accordion-title\" tabindex=\"0\">Spiritualit\u00e4t<\/a>\n\t\t\t\t\t<\/div>\n\t\t\t\t\t<div id=\"elementor-tab-content-4103\" class=\"elementor-tab-content elementor-clearfix\" data-tab=\"3\" role=\"region\" aria-labelledby=\"elementor-tab-title-4103\"><p>\u201eSpiritualit\u00e4t\u201c wird an der ANANDA als ein universeller, aber auch pers\u00f6nlicher und individueller Weg verstanden, der zu innerer Freiheit und bewusster Verantwortungs\u00fcbernahme f\u00fcr das eigene Denken, F\u00fchlen und Handeln f\u00fchrt. Jeder Mensch wird dabei als Sch\u00f6pfer und Gestalter seines Lebens gesehen, der mit dem Leben in Verbindung und in Verbundenheit steht. Diese Verbundenheit umfasst die Beziehung zu sich selbst, den Mitmenschen und der Natur und kann die Beziehung zu einer h\u00f6heren g\u00f6ttlichen Kraft miteinschlie\u00dfen. Aus dieser Verbundenheit k\u00f6nnen h\u00f6here universelle Werte hervorgehen, wie Achtsamkeit f\u00fcr Mitmenschen und Umwelt, Toleranz, Dankbarkeit, bedingungslose Liebe, Vertrauen und die Kraft der Vergebung. Spiritualit\u00e4t l\u00e4sst jedem Menschen seine Perspektive und Lebensform und fokussiert auf das Einende und Verbindende der unterschiedlichen existierenden Lebenswelten. Auf diese Weise f\u00f6rdert sie Verst\u00e4ndnis, f\u00fchrt zu Weitsicht und Weltoffenheit und wird so zum Friedensstifter. \u00dcberdies hinaus umfasst Spiritualit\u00e4t auch die Balancierung der verschiedenen inneren Kr\u00e4fte und Energien und f\u00fchrt, \u00fcber die Auseinandersetzung mit dem eigenen Selbst, zu einem ausgeglicheneren Leben. Spiritualit\u00e4t f\u00f6rdert eine optimistische und positive Einstellung zum Leben.&#8220;<\/p><\/div>\n\t\t\t\t<\/div>\n\t\t\t\t\t\t\t<div class=\"elementor-accordion-item\">\n\t\t\t\t\t<div id=\"elementor-tab-title-4104\" class=\"elementor-tab-title\" data-tab=\"4\" role=\"button\" aria-controls=\"elementor-tab-content-4104\" aria-expanded=\"false\">\n\t\t\t\t\t\t\t\t\t\t\t\t\t<span class=\"elementor-accordion-icon elementor-accordion-icon-left\" aria-hidden=\"true\">\n\t\t\t\t\t\t\t\t\t\t\t\t\t\t\t<span class=\"elementor-accordion-icon-closed\"><i class=\"fas fa-caret-down\"><\/i><\/span>\n\t\t\t\t\t\t\t\t<span class=\"elementor-accordion-icon-opened\"><i class=\"fas fa-caret-up\"><\/i><\/span>\n\t\t\t\t\t\t\t\t\t\t\t\t\t\t<\/span>\n\t\t\t\t\t\t\t\t\t\t\t\t<a class=\"elementor-accordion-title\" tabindex=\"0\">Gewaltfreie Kommunikation<\/a>\n\t\t\t\t\t<\/div>\n\t\t\t\t\t<div id=\"elementor-tab-content-4104\" class=\"elementor-tab-content elementor-clearfix\" data-tab=\"4\" role=\"region\" aria-labelledby=\"elementor-tab-title-4104\"><p>Die von Dr. Marshall Rosenberg entwickelte Gewaltfreie Kommunikation (GFK) bezeichnet zum Einen eine konkrete Kommunikationstechnik und zum Anderen eine Haltung, also eine innere Einstellung, im Umgang mit uns selbst und anderen. Die Methode der GFK mit ihren vier Kommunikationsschritten kann uns als Unterst\u00fctzung im Kontakt mit anderen und mit uns selbst als Orientierung dienen. Ziel ist es, uns mit unserem mitf\u00fchlenden Wesen zu verbinden und dann aus dem Herzen heraus eine Verbindung zum Anderen aufzubauen. Die Haltung der gewaltfreien Kommunikation basiert auf der Theorie, dass alles, was wir tun, die Erf\u00fcllung von universellen, menschlichen Bed\u00fcrfnissen zum Ziel hat. Unsere Gef\u00fchle zeigen uns, ob unsere Bed\u00fcrfnisse erf\u00fcllt sind, oder nicht. Die GFK hilft uns bei der Umgestaltung unseres sprachlichen Ausdrucks und unserer Art zuzuh\u00f6ren. Aus Reaktionen, die aus Gewohnheit kommen, werden bewusste Antworten. Wir werden angeregt, uns ehrlich und klar auszudr\u00fccken und gleichzeitig anderen Menschen unsere respektvolle und einf\u00fchlsame Aufmerksamkeit zu schenken. Die Vision von Rosenberg ist die Gestaltung einer Welt, in der alle mit ihren Bed\u00fcrfnissen geh\u00f6rt und respektiert werden und in der nach L\u00f6sungen und Wegen gesucht wird, wie diese Bed\u00fcrfnisse auf sozialvertr\u00e4gliche Weise Erf\u00fcllung finden k\u00f6nnen. Daf\u00fcr gibt Rosenberg viele Methoden und Hilfsmittel zur Hand, die aufzeigen, wie Menschen ihre Kommunikation in diesem Zusammenhang auf friedvolle Art und Weise gestalten k\u00f6nnen. Sie trainiert, Situationen sorgf\u00e4ltig zu beobachten und das, was uns st\u00f6rt, traurig macht oder \u00e4rgert, beurteilungsfrei zu bestimmen. Wir lernen dabei, unsere Bed\u00fcrfnisse wahrzunehmen und auf empathische Weise zu formulieren. Wir denken also nicht in den Kategorien \u201erichtig\u201c und \u201efalsch\u201c, sondern schauen darauf, ob sich durch die gew\u00e4hlte Strategie die eigenen Bed\u00fcrfnisse und die der anderen Personen erf\u00fcllen. Wenn das nicht der Fall ist, k\u00f6nnen wir nach anderen Strategien suchen, die den anvisierten Bed\u00fcrfnissen der Handelnden besser gerecht werden.<\/p><p>An der Ananda wird die Haltung der GFK gelebt. Die Methoden und Schritte der GFK werden von allen Mitgliedern der Schulgemeinschaft erlernt und vertiefend ge\u00fcbt. So entsteht eine empathische, verstehende und wertsch\u00e4tzende Atmosph\u00e4re im Miteinander des Schulalltags.<\/p><\/div>\n\t\t\t\t<\/div>\n\t\t\t\t\t\t\t\t<\/div>\n\t\t\t\t\t\t<\/div>\n\t\t\t\t<\/div>\n\t\t\t\t\t<\/div>\n\t\t<\/div>\n\t\t\t\t<div class=\"elementor-column elementor-col-50 elementor-top-column elementor-element elementor-element-a738391 animated-slow elementor-invisible\" data-id=\"a738391\" data-element_type=\"column\" data-settings=\"{&quot;background_background&quot;:&quot;classic&quot;,&quot;animation&quot;:&quot;fadeInRight&quot;,&quot;animation_delay&quot;:100}\">\n\t\t\t<div class=\"elementor-widget-wrap elementor-element-populated\">\n\t\t\t\t\t\t<div class=\"elementor-element elementor-element-ddebde0 elementor-hidden-desktop elementor-hidden-tablet elementor-widget elementor-widget-image\" data-id=\"ddebde0\" data-element_type=\"widget\" data-widget_type=\"image.default\">\n\t\t\t\t<div class=\"elementor-widget-container\">\n\t\t\t\t\t\t\t\t\t\t\t\t\t\t\t<img fetchpriority=\"high\" decoding=\"async\" width=\"700\" height=\"470\" src=\"https:\/\/www.freie-schule-ananda.de\/wp-content\/uploads\/2021\/02\/Lernumgebung.jpg\" class=\"attachment-medium_large size-medium_large wp-image-614\" alt=\"\" srcset=\"https:\/\/www.freie-schule-ananda.de\/wp-content\/uploads\/2021\/02\/Lernumgebung.jpg 700w, https:\/\/www.freie-schule-ananda.de\/wp-content\/uploads\/2021\/02\/Lernumgebung-300x201.jpg 300w\" sizes=\"(max-width: 700px) 100vw, 700px\" \/>\t\t\t\t\t\t\t\t\t\t\t\t\t\t\t<\/div>\n\t\t\t\t<\/div>\n\t\t\t\t\t<\/div>\n\t\t<\/div>\n\t\t\t\t\t<\/div>\n\t\t<\/section>\n\t\t\t\t<section class=\"elementor-section elementor-top-section elementor-element elementor-element-6069d0b1 elementor-section-content-middle elementor-reverse-mobile elementor-section-boxed elementor-section-height-default elementor-section-height-default\" data-id=\"6069d0b1\" data-element_type=\"section\" id=\"verbundenheit\">\n\t\t\t\t\t\t<div class=\"elementor-container elementor-column-gap-no\">\n\t\t\t\t\t<div class=\"elementor-column elementor-col-50 elementor-top-column elementor-element elementor-element-c72ab09 animated-slow elementor-invisible\" data-id=\"c72ab09\" data-element_type=\"column\" data-settings=\"{&quot;background_background&quot;:&quot;classic&quot;,&quot;animation&quot;:&quot;fadeInLeft&quot;,&quot;animation_delay&quot;:100}\">\n\t\t\t<div class=\"elementor-widget-wrap elementor-element-populated\">\n\t\t\t\t\t\t<div class=\"elementor-element elementor-element-7718988 elementor-hidden-desktop elementor-hidden-tablet elementor-widget elementor-widget-image\" data-id=\"7718988\" data-element_type=\"widget\" data-widget_type=\"image.default\">\n\t\t\t\t<div class=\"elementor-widget-container\">\n\t\t\t\t\t\t\t\t\t\t\t\t\t\t\t<img decoding=\"async\" width=\"700\" height=\"470\" src=\"https:\/\/www.freie-schule-ananda.de\/wp-content\/uploads\/2021\/07\/Kind-mit-Esel.jpg\" class=\"attachment-medium_large size-medium_large wp-image-1481\" alt=\"\" srcset=\"https:\/\/www.freie-schule-ananda.de\/wp-content\/uploads\/2021\/07\/Kind-mit-Esel.jpg 700w, https:\/\/www.freie-schule-ananda.de\/wp-content\/uploads\/2021\/07\/Kind-mit-Esel-300x201.jpg 300w\" sizes=\"(max-width: 700px) 100vw, 700px\" \/>\t\t\t\t\t\t\t\t\t\t\t\t\t\t\t<\/div>\n\t\t\t\t<\/div>\n\t\t\t\t<div class=\"elementor-element elementor-element-6b3e80e elementor-view-stacked elementor-widget__width-auto elementor-fixed elementor-shape-circle elementor-widget elementor-widget-icon\" data-id=\"6b3e80e\" data-element_type=\"widget\" data-settings=\"{&quot;motion_fx_motion_fx_scrolling&quot;:&quot;yes&quot;,&quot;motion_fx_opacity_effect&quot;:&quot;yes&quot;,&quot;motion_fx_opacity_range&quot;:{&quot;unit&quot;:&quot;%&quot;,&quot;size&quot;:&quot;&quot;,&quot;sizes&quot;:{&quot;start&quot;:20,&quot;end&quot;:20}},&quot;_position&quot;:&quot;fixed&quot;,&quot;motion_fx_opacity_direction&quot;:&quot;out-in&quot;,&quot;motion_fx_opacity_level&quot;:{&quot;unit&quot;:&quot;px&quot;,&quot;size&quot;:10,&quot;sizes&quot;:[]},&quot;motion_fx_devices&quot;:[&quot;desktop&quot;,&quot;tablet&quot;,&quot;mobile&quot;]}\" data-widget_type=\"icon.default\">\n\t\t\t\t<div class=\"elementor-widget-container\">\n\t\t\t\t\t\t\t<div class=\"elementor-icon-wrapper\">\n\t\t\t<a class=\"elementor-icon\" href=\"#header-grundpfeiler\">\n\t\t\t<i aria-hidden=\"true\" class=\"fas fa-arrow-up\"><\/i>\t\t\t<\/a>\n\t\t<\/div>\n\t\t\t\t\t\t<\/div>\n\t\t\t\t<\/div>\n\t\t\t\t\t<\/div>\n\t\t<\/div>\n\t\t\t\t<div class=\"elementor-column elementor-col-50 elementor-top-column elementor-element elementor-element-78a79ec8\" data-id=\"78a79ec8\" data-element_type=\"column\">\n\t\t\t<div class=\"elementor-widget-wrap elementor-element-populated\">\n\t\t\t\t\t\t<div class=\"elementor-element elementor-element-41d5158 elementor-widget elementor-widget-accordion\" data-id=\"41d5158\" data-element_type=\"widget\" data-widget_type=\"accordion.default\">\n\t\t\t\t<div class=\"elementor-widget-container\">\n\t\t\t\t\t\t\t<div class=\"elementor-accordion\">\n\t\t\t\t\t\t\t<div class=\"elementor-accordion-item\">\n\t\t\t\t\t<div id=\"elementor-tab-title-6901\" class=\"elementor-tab-title\" data-tab=\"1\" role=\"button\" aria-controls=\"elementor-tab-content-6901\" aria-expanded=\"false\">\n\t\t\t\t\t\t\t\t\t\t\t\t\t<span class=\"elementor-accordion-icon elementor-accordion-icon-left\" aria-hidden=\"true\">\n\t\t\t\t\t\t\t\t\t\t\t\t\t\t\t<span class=\"elementor-accordion-icon-closed\"><i class=\"fas fa-caret-down\"><\/i><\/span>\n\t\t\t\t\t\t\t\t<span class=\"elementor-accordion-icon-opened\"><i class=\"fas fa-caret-up\"><\/i><\/span>\n\t\t\t\t\t\t\t\t\t\t\t\t\t\t<\/span>\n\t\t\t\t\t\t\t\t\t\t\t\t<a class=\"elementor-accordion-title\" tabindex=\"0\">Nachhaltigkeit als Bildungsziel<\/a>\n\t\t\t\t\t<\/div>\n\t\t\t\t\t<div id=\"elementor-tab-content-6901\" class=\"elementor-tab-content elementor-clearfix\" data-tab=\"1\" role=\"region\" aria-labelledby=\"elementor-tab-title-6901\"><p><span style=\"font-size: 11.0pt; font-family: 'ArialMT',serif;\">Nachhaltigkeit bedeutet, dass gegenw\u00e4rtige Generationen ihr Leben auf achtsame Weise so gestalten, dass folgende Generationen in ihren M\u00f6glichkeiten zur Befriedigung ihrer Bed\u00fcrfnisse nicht eingeschr\u00e4nkt werden. Nachhaltigkeit basiert in diesem Sinne auf R\u00fccksichtnahme, Achtsamkeit, Weitsicht und der \u00dcbernahme von Verantwortung f\u00fcr das gegenw\u00e4rtige Tun. Um diese Ziele in die praktische Umsetzung zu bringen, braucht es mutige und kreative Menschen, die sich in ihrer Selbstwirksamkeit erfahren, mit Herzkraft f\u00fcr L\u00f6sungen arbeiten und den Mut haben, zu handeln. An der Ananda wird Nachhaltigkeit in allen Bereichen angestrebt. Die global Goals dienen uns dabei als Orientierung. <\/span><\/p><\/div>\n\t\t\t\t<\/div>\n\t\t\t\t\t\t\t<div class=\"elementor-accordion-item\">\n\t\t\t\t\t<div id=\"elementor-tab-title-6902\" class=\"elementor-tab-title\" data-tab=\"2\" role=\"button\" aria-controls=\"elementor-tab-content-6902\" aria-expanded=\"false\">\n\t\t\t\t\t\t\t\t\t\t\t\t\t<span class=\"elementor-accordion-icon elementor-accordion-icon-left\" aria-hidden=\"true\">\n\t\t\t\t\t\t\t\t\t\t\t\t\t\t\t<span class=\"elementor-accordion-icon-closed\"><i class=\"fas fa-caret-down\"><\/i><\/span>\n\t\t\t\t\t\t\t\t<span class=\"elementor-accordion-icon-opened\"><i class=\"fas fa-caret-up\"><\/i><\/span>\n\t\t\t\t\t\t\t\t\t\t\t\t\t\t<\/span>\n\t\t\t\t\t\t\t\t\t\t\t\t<a class=\"elementor-accordion-title\" tabindex=\"0\">Balance zwischen Individualit\u00e4t und Gemeinschaft<\/a>\n\t\t\t\t\t<\/div>\n\t\t\t\t\t<div id=\"elementor-tab-content-6902\" class=\"elementor-tab-content elementor-clearfix\" data-tab=\"2\" role=\"region\" aria-labelledby=\"elementor-tab-title-6902\"><p><span style=\"font-size: 11.0pt; font-family: 'ArialMT',serif;\">Ein Mensch steht st\u00e4ndig in Wechselwirkung zwischen seiner inneren und \u00e4u\u00dferen Welt. Deshalb ist es wichtig, dass Kinder und Jugendliche einerseits lernen, nach innen zu schauen, um dort ihre Gaben, F\u00e4higkeiten, St\u00e4rken und Schw\u00e4chen zu entdecken, andererseits aber auch lernen, sich angemessen und authentisch in einem sozialen Kontext auszudr\u00fccken und zu verhalten. Lernende brauchen Erfahrungsr\u00e4ume, die ihnen beides erm\u00f6glichen. Die Angebote und Methoden der Ananda stellen dem Lernenden frei, sich im \u201eICH\u201c vor\u00fcbergehend zur\u00fcckzuziehen oder sich im \u201eWIR\u201c mit anderen Kindern und Jugendlichen bzw. Erwachsenen zu verbinden. Auf diese Weise lernt der Lernende seine pers\u00f6nlichen Grenzen kennen, bzw. sie zu erweitern und seinen Bed\u00fcrfnissen nach N\u00e4he, bzw. Distanz zu folgen. <\/span><\/p><\/div>\n\t\t\t\t<\/div>\n\t\t\t\t\t\t\t<div class=\"elementor-accordion-item\">\n\t\t\t\t\t<div id=\"elementor-tab-title-6903\" class=\"elementor-tab-title\" data-tab=\"3\" role=\"button\" aria-controls=\"elementor-tab-content-6903\" aria-expanded=\"false\">\n\t\t\t\t\t\t\t\t\t\t\t\t\t<span class=\"elementor-accordion-icon elementor-accordion-icon-left\" aria-hidden=\"true\">\n\t\t\t\t\t\t\t\t\t\t\t\t\t\t\t<span class=\"elementor-accordion-icon-closed\"><i class=\"fas fa-caret-down\"><\/i><\/span>\n\t\t\t\t\t\t\t\t<span class=\"elementor-accordion-icon-opened\"><i class=\"fas fa-caret-up\"><\/i><\/span>\n\t\t\t\t\t\t\t\t\t\t\t\t\t\t<\/span>\n\t\t\t\t\t\t\t\t\t\t\t\t<a class=\"elementor-accordion-title\" tabindex=\"0\">Demokratie<\/a>\n\t\t\t\t\t<\/div>\n\t\t\t\t\t<div id=\"elementor-tab-content-6903\" class=\"elementor-tab-content elementor-clearfix\" data-tab=\"3\" role=\"region\" aria-labelledby=\"elementor-tab-title-6903\"><p><span style=\"font-size: 11.0pt; font-family: 'ArialMT',serif;\">Demokratie ist an der Ananda ein Herzst\u00fcck. Die Lernenden und die Erwachsenen begegnen sich auf Augenh\u00f6he und sind eingeladen, das Leben an der Ananda mitzugestalten. Der demokratische Ansatz findet darin Ausdruck, dass dem Lernenden zum Einen erm\u00f6glicht wird, seinen Lernprozess individuell und selbstorganisiert zu gestalten, zum Anderen haben die Lernenden ein Mitspracherecht in der w\u00f6chentlichen Schulversammlung, wo gemeinsam \u00fcber Themen des Schulalltags diskutiert und entschieden wird. Au\u00dferdem k\u00f6nnen sie in Gremien der Schule gew\u00e4hlt werden, die weiterreichende Themen entscheiden. Bei Entscheidungen kommt das systemische Konsensieren zum Tragen. <\/span><\/p><\/div>\n\t\t\t\t<\/div>\n\t\t\t\t\t\t\t<div class=\"elementor-accordion-item\">\n\t\t\t\t\t<div id=\"elementor-tab-title-6904\" class=\"elementor-tab-title\" data-tab=\"4\" role=\"button\" aria-controls=\"elementor-tab-content-6904\" aria-expanded=\"false\">\n\t\t\t\t\t\t\t\t\t\t\t\t\t<span class=\"elementor-accordion-icon elementor-accordion-icon-left\" aria-hidden=\"true\">\n\t\t\t\t\t\t\t\t\t\t\t\t\t\t\t<span class=\"elementor-accordion-icon-closed\"><i class=\"fas fa-caret-down\"><\/i><\/span>\n\t\t\t\t\t\t\t\t<span class=\"elementor-accordion-icon-opened\"><i class=\"fas fa-caret-up\"><\/i><\/span>\n\t\t\t\t\t\t\t\t\t\t\t\t\t\t<\/span>\n\t\t\t\t\t\t\t\t\t\t\t\t<a class=\"elementor-accordion-title\" tabindex=\"0\">Selbstorganisiertes Lernen<\/a>\n\t\t\t\t\t<\/div>\n\t\t\t\t\t<div id=\"elementor-tab-content-6904\" class=\"elementor-tab-content elementor-clearfix\" data-tab=\"4\" role=\"region\" aria-labelledby=\"elementor-tab-title-6904\"><p><span style=\"font-size: 11.0pt; font-family: 'ArialMT',serif;\">An der Ananda soll es dem Lernenden erm\u00f6glicht werden, seinen individuellen Lernplan in Einklang mit seinem aktuellen Interesse und nach Bedarf mit Unterst\u00fctzung eines Lernbegleiters selbstst\u00e4ndig zu planen und gestalten. Auf diese Weise lernt er seinen Lernprozess selbst zu steuern und zu organisieren. Finden die Lernbed\u00fcrfnisse des Lernenden so Ber\u00fccksichtigung und werden auf einf\u00fchlsame Weise begleitet, kann der Lernende aufgrund nat\u00fcrlicher Wissbegierde, Neugierde und Begeisterung schon innerhalb kurzer Zeit Lerninhalte aufnehmen. F\u00fcr die Umsetzung seines individuellen Lernplans, stehen dem Lernenden im Sinne eines \u201eoffenen Unterrichts\u201c Lernstuben, Projekte und die Umgebung der Schule zur Verf\u00fcgung. <\/span><\/p><\/div>\n\t\t\t\t<\/div>\n\t\t\t\t\t\t\t<div class=\"elementor-accordion-item\">\n\t\t\t\t\t<div id=\"elementor-tab-title-6905\" class=\"elementor-tab-title\" data-tab=\"5\" role=\"button\" aria-controls=\"elementor-tab-content-6905\" aria-expanded=\"false\">\n\t\t\t\t\t\t\t\t\t\t\t\t\t<span class=\"elementor-accordion-icon elementor-accordion-icon-left\" aria-hidden=\"true\">\n\t\t\t\t\t\t\t\t\t\t\t\t\t\t\t<span class=\"elementor-accordion-icon-closed\"><i class=\"fas fa-caret-down\"><\/i><\/span>\n\t\t\t\t\t\t\t\t<span class=\"elementor-accordion-icon-opened\"><i class=\"fas fa-caret-up\"><\/i><\/span>\n\t\t\t\t\t\t\t\t\t\t\t\t\t\t<\/span>\n\t\t\t\t\t\t\t\t\t\t\t\t<a class=\"elementor-accordion-title\" tabindex=\"0\">Jahrgangs\u00fcbergreifendes Lernen<\/a>\n\t\t\t\t\t<\/div>\n\t\t\t\t\t<div id=\"elementor-tab-content-6905\" class=\"elementor-tab-content elementor-clearfix\" data-tab=\"5\" role=\"region\" aria-labelledby=\"elementor-tab-title-6905\"><p><span style=\"font-size: 11.0pt; font-family: 'ArialMT',serif;\">An der Ananda gibt es keine Jahrgangsklassen. Das Lernen findet in altersgemischten Gruppen statt. Dadurch stehen Kinder und Jugendliche aller Altersstufen miteinander im Austausch, inspirieren sich gegenseitig und k\u00f6nnen sich im Lernprozess gegenseitig bereichern und unterst\u00fctzen. <\/span><\/p><\/div>\n\t\t\t\t<\/div>\n\t\t\t\t\t\t\t<div class=\"elementor-accordion-item\">\n\t\t\t\t\t<div id=\"elementor-tab-title-6906\" class=\"elementor-tab-title\" data-tab=\"6\" role=\"button\" aria-controls=\"elementor-tab-content-6906\" aria-expanded=\"false\">\n\t\t\t\t\t\t\t\t\t\t\t\t\t<span class=\"elementor-accordion-icon elementor-accordion-icon-left\" aria-hidden=\"true\">\n\t\t\t\t\t\t\t\t\t\t\t\t\t\t\t<span class=\"elementor-accordion-icon-closed\"><i class=\"fas fa-caret-down\"><\/i><\/span>\n\t\t\t\t\t\t\t\t<span class=\"elementor-accordion-icon-opened\"><i class=\"fas fa-caret-up\"><\/i><\/span>\n\t\t\t\t\t\t\t\t\t\t\t\t\t\t<\/span>\n\t\t\t\t\t\t\t\t\t\t\t\t<a class=\"elementor-accordion-title\" tabindex=\"0\">Freies Spiel<\/a>\n\t\t\t\t\t<\/div>\n\t\t\t\t\t<div id=\"elementor-tab-content-6906\" class=\"elementor-tab-content elementor-clearfix\" data-tab=\"6\" role=\"region\" aria-labelledby=\"elementor-tab-title-6906\"><p><span style=\"font-size: 11.0pt; font-family: 'ArialMT',serif;\">Freies Spiel ist die Urform des Lernens. Im freien Spiel k\u00f6nnen Menschen ihrer eigenen Kreativit\u00e4t freien Lauf lassen. Sie w\u00e4hlen aus sich selbst heraus die Art des Spiels und auch die Materialien mit Hilfe derer sie sich im Spiel ausdr\u00fccken<\/span> <span style=\"font-size: 11.0pt; font-family: 'ArialMT',serif;\">wollen. Die Lernenden betreten dabei Erfahrungsr\u00e4ume, in denen sie gemachte Erfahrungen aufgreifen und verarbeiten k\u00f6nnen. Au\u00dferdem lernen sie, ihre individuellen Bed\u00fcrfnisse zu sp\u00fcren und sich mit ihnen zu verbinden. <\/span><\/p><\/div>\n\t\t\t\t<\/div>\n\t\t\t\t\t\t\t\t<\/div>\n\t\t\t\t\t\t<\/div>\n\t\t\t\t<\/div>\n\t\t\t\t\t<\/div>\n\t\t<\/div>\n\t\t\t\t\t<\/div>\n\t\t<\/section>\n\t\t\t\t<section class=\"elementor-section elementor-top-section elementor-element elementor-element-492998d elementor-section-content-middle elementor-section-boxed elementor-section-height-default elementor-section-height-default\" data-id=\"492998d\" data-element_type=\"section\">\n\t\t\t\t\t\t<div class=\"elementor-container elementor-column-gap-no\">\n\t\t\t\t\t<div class=\"elementor-column elementor-col-50 elementor-top-column elementor-element elementor-element-acd8d82\" data-id=\"acd8d82\" data-element_type=\"column\">\n\t\t\t<div class=\"elementor-widget-wrap elementor-element-populated\">\n\t\t\t\t\t\t<div class=\"elementor-element elementor-element-fb3bc23 elementor-widget elementor-widget-accordion\" data-id=\"fb3bc23\" data-element_type=\"widget\" data-widget_type=\"accordion.default\">\n\t\t\t\t<div class=\"elementor-widget-container\">\n\t\t\t\t\t\t\t<div class=\"elementor-accordion\">\n\t\t\t\t\t\t\t<div class=\"elementor-accordion-item\">\n\t\t\t\t\t<div id=\"elementor-tab-title-2631\" class=\"elementor-tab-title\" data-tab=\"1\" role=\"button\" aria-controls=\"elementor-tab-content-2631\" aria-expanded=\"false\">\n\t\t\t\t\t\t\t\t\t\t\t\t\t<span class=\"elementor-accordion-icon elementor-accordion-icon-left\" aria-hidden=\"true\">\n\t\t\t\t\t\t\t\t\t\t\t\t\t\t\t<span class=\"elementor-accordion-icon-closed\"><i class=\"fas fa-caret-down\"><\/i><\/span>\n\t\t\t\t\t\t\t\t<span class=\"elementor-accordion-icon-opened\"><i class=\"fas fa-caret-up\"><\/i><\/span>\n\t\t\t\t\t\t\t\t\t\t\t\t\t\t<\/span>\n\t\t\t\t\t\t\t\t\t\t\t\t<a class=\"elementor-accordion-title\" tabindex=\"0\">Notenfrei<\/a>\n\t\t\t\t\t<\/div>\n\t\t\t\t\t<div id=\"elementor-tab-content-2631\" class=\"elementor-tab-content elementor-clearfix\" data-tab=\"1\" role=\"region\" aria-labelledby=\"elementor-tab-title-2631\"><p><span style=\"font-size: 11.0pt; font-family: 'ArialMT',serif;\">Durch einen beurteilungsfreien Umgang miteinander, gibt es an der Ananda keine Noten. <\/span><\/p><\/div>\n\t\t\t\t<\/div>\n\t\t\t\t\t\t\t<div class=\"elementor-accordion-item\">\n\t\t\t\t\t<div id=\"elementor-tab-title-2632\" class=\"elementor-tab-title\" data-tab=\"2\" role=\"button\" aria-controls=\"elementor-tab-content-2632\" aria-expanded=\"false\">\n\t\t\t\t\t\t\t\t\t\t\t\t\t<span class=\"elementor-accordion-icon elementor-accordion-icon-left\" aria-hidden=\"true\">\n\t\t\t\t\t\t\t\t\t\t\t\t\t\t\t<span class=\"elementor-accordion-icon-closed\"><i class=\"fas fa-caret-down\"><\/i><\/span>\n\t\t\t\t\t\t\t\t<span class=\"elementor-accordion-icon-opened\"><i class=\"fas fa-caret-up\"><\/i><\/span>\n\t\t\t\t\t\t\t\t\t\t\t\t\t\t<\/span>\n\t\t\t\t\t\t\t\t\t\t\t\t<a class=\"elementor-accordion-title\" tabindex=\"0\">Hausaufgabenfrei<\/a>\n\t\t\t\t\t<\/div>\n\t\t\t\t\t<div id=\"elementor-tab-content-2632\" class=\"elementor-tab-content elementor-clearfix\" data-tab=\"2\" role=\"region\" aria-labelledby=\"elementor-tab-title-2632\"><p><span style=\"font-size: 11.0pt; font-family: 'ArialMT',serif;\">An der Ananda erhalten die Lernenden keine Hausaufgaben. <\/span><\/p><\/div>\n\t\t\t\t<\/div>\n\t\t\t\t\t\t\t<div class=\"elementor-accordion-item\">\n\t\t\t\t\t<div id=\"elementor-tab-title-2633\" class=\"elementor-tab-title\" data-tab=\"3\" role=\"button\" aria-controls=\"elementor-tab-content-2633\" aria-expanded=\"false\">\n\t\t\t\t\t\t\t\t\t\t\t\t\t<span class=\"elementor-accordion-icon elementor-accordion-icon-left\" aria-hidden=\"true\">\n\t\t\t\t\t\t\t\t\t\t\t\t\t\t\t<span class=\"elementor-accordion-icon-closed\"><i class=\"fas fa-caret-down\"><\/i><\/span>\n\t\t\t\t\t\t\t\t<span class=\"elementor-accordion-icon-opened\"><i class=\"fas fa-caret-up\"><\/i><\/span>\n\t\t\t\t\t\t\t\t\t\t\t\t\t\t<\/span>\n\t\t\t\t\t\t\t\t\t\t\t\t<a class=\"elementor-accordion-title\" tabindex=\"0\">Strahlenfrei<\/a>\n\t\t\t\t\t<\/div>\n\t\t\t\t\t<div id=\"elementor-tab-content-2633\" class=\"elementor-tab-content elementor-clearfix\" data-tab=\"3\" role=\"region\" aria-labelledby=\"elementor-tab-title-2633\"><p><span style=\"font-size: 11.0pt; font-family: 'ArialMT',serif;\">Um den Lernenden und Erwachsenen an der Ananda einen strahlenreduzierten Raum zu bieten, gibt es an der Ananda ausschlie\u00dflich kabelgebundenes Telefon und kabelgebundenes Internet. Handys sind ausgeschaltet oder im Flugmodus. <\/span><\/p><\/div>\n\t\t\t\t<\/div>\n\t\t\t\t\t\t\t<div class=\"elementor-accordion-item\">\n\t\t\t\t\t<div id=\"elementor-tab-title-2634\" class=\"elementor-tab-title\" data-tab=\"4\" role=\"button\" aria-controls=\"elementor-tab-content-2634\" aria-expanded=\"false\">\n\t\t\t\t\t\t\t\t\t\t\t\t\t<span class=\"elementor-accordion-icon elementor-accordion-icon-left\" aria-hidden=\"true\">\n\t\t\t\t\t\t\t\t\t\t\t\t\t\t\t<span class=\"elementor-accordion-icon-closed\"><i class=\"fas fa-caret-down\"><\/i><\/span>\n\t\t\t\t\t\t\t\t<span class=\"elementor-accordion-icon-opened\"><i class=\"fas fa-caret-up\"><\/i><\/span>\n\t\t\t\t\t\t\t\t\t\t\t\t\t\t<\/span>\n\t\t\t\t\t\t\t\t\t\t\t\t<a class=\"elementor-accordion-title\" tabindex=\"0\">Bewegung<\/a>\n\t\t\t\t\t<\/div>\n\t\t\t\t\t<div id=\"elementor-tab-content-2634\" class=\"elementor-tab-content elementor-clearfix\" data-tab=\"4\" role=\"region\" aria-labelledby=\"elementor-tab-title-2634\"><p><span style=\"font-size: 11.0pt; font-family: 'ArialMT',serif;\">Bewegung f\u00f6rdert die k\u00f6rperliche und geistige Entwicklung sowie die Gesundheit von Menschen und ist wichtig f\u00fcr das emotionale Gleichgewicht. <\/span><\/p><p><span style=\"font-size: 11.0pt; font-family: 'ArialMT',serif;\">An der Ananda steht den Lernenden ein vielf\u00e4ltiges Bewegungsangebot zur Verf\u00fcgung. Zum Einen haben sie die M\u00f6glichkeit, Bewegungsspiele selbst organisiert oder nach Bedarf unter Anleitung zu initiieren, zum Anderen gibt es Angebote in ganzheitlichen Bewegungsformen wie z.B. Yoga. <\/span><\/p><\/div>\n\t\t\t\t<\/div>\n\t\t\t\t\t\t\t<div class=\"elementor-accordion-item\">\n\t\t\t\t\t<div id=\"elementor-tab-title-2635\" class=\"elementor-tab-title\" data-tab=\"5\" role=\"button\" aria-controls=\"elementor-tab-content-2635\" aria-expanded=\"false\">\n\t\t\t\t\t\t\t\t\t\t\t\t\t<span class=\"elementor-accordion-icon elementor-accordion-icon-left\" aria-hidden=\"true\">\n\t\t\t\t\t\t\t\t\t\t\t\t\t\t\t<span class=\"elementor-accordion-icon-closed\"><i class=\"fas fa-caret-down\"><\/i><\/span>\n\t\t\t\t\t\t\t\t<span class=\"elementor-accordion-icon-opened\"><i class=\"fas fa-caret-up\"><\/i><\/span>\n\t\t\t\t\t\t\t\t\t\t\t\t\t\t<\/span>\n\t\t\t\t\t\t\t\t\t\t\t\t<a class=\"elementor-accordion-title\" tabindex=\"0\">Ern\u00e4hrung<\/a>\n\t\t\t\t\t<\/div>\n\t\t\t\t\t<div id=\"elementor-tab-content-2635\" class=\"elementor-tab-content elementor-clearfix\" data-tab=\"5\" role=\"region\" aria-labelledby=\"elementor-tab-title-2635\"><p><span style=\"font-size: 11.0pt; font-family: 'ArialMT',serif;\">In einer eigenen K\u00fcche lernen die Lernenden, sich mit einer gesunden, nachhaltigen und vegetarischen Ern\u00e4hrungsweise auseinanderzusetzen. <\/span><\/p><\/div>\n\t\t\t\t<\/div>\n\t\t\t\t\t\t\t<div class=\"elementor-accordion-item\">\n\t\t\t\t\t<div id=\"elementor-tab-title-2636\" class=\"elementor-tab-title\" data-tab=\"6\" role=\"button\" aria-controls=\"elementor-tab-content-2636\" aria-expanded=\"false\">\n\t\t\t\t\t\t\t\t\t\t\t\t\t<span class=\"elementor-accordion-icon elementor-accordion-icon-left\" aria-hidden=\"true\">\n\t\t\t\t\t\t\t\t\t\t\t\t\t\t\t<span class=\"elementor-accordion-icon-closed\"><i class=\"fas fa-caret-down\"><\/i><\/span>\n\t\t\t\t\t\t\t\t<span class=\"elementor-accordion-icon-opened\"><i class=\"fas fa-caret-up\"><\/i><\/span>\n\t\t\t\t\t\t\t\t\t\t\t\t\t\t<\/span>\n\t\t\t\t\t\t\t\t\t\t\t\t<a class=\"elementor-accordion-title\" tabindex=\"0\">Feste feiern<\/a>\n\t\t\t\t\t<\/div>\n\t\t\t\t\t<div id=\"elementor-tab-content-2636\" class=\"elementor-tab-content elementor-clearfix\" data-tab=\"6\" role=\"region\" aria-labelledby=\"elementor-tab-title-2636\"><p><span style=\"font-size: 11.0pt; font-family: 'ArialMT',serif;\">An der Ananda sind Feste ein fester Bestandteil zur Schaffung einer positiven Lebenskultur. <\/span><\/p><\/div>\n\t\t\t\t<\/div>\n\t\t\t\t\t\t\t\t<\/div>\n\t\t\t\t\t\t<\/div>\n\t\t\t\t<\/div>\n\t\t\t\t<div class=\"elementor-element elementor-element-2127567 elementor-widget elementor-widget-html\" data-id=\"2127567\" data-element_type=\"widget\" data-widget_type=\"html.default\">\n\t\t\t\t<div class=\"elementor-widget-container\">\n\t\t\t\t\t<script> \njQuery(document).ready(function($) { \nvar delay = 100; setTimeout(function() { \n$('.elementor-tab-title').removeClass('elementor-active');\n $('.elementor-tab-content').css('display', 'none'); }, delay); \n}); \n<\/script>\t\t\t\t<\/div>\n\t\t\t\t<\/div>\n\t\t\t\t\t<\/div>\n\t\t<\/div>\n\t\t\t\t<div class=\"elementor-column elementor-col-50 elementor-top-column elementor-element elementor-element-cc45cf3 animated-slow elementor-invisible\" data-id=\"cc45cf3\" data-element_type=\"column\" data-settings=\"{&quot;background_background&quot;:&quot;classic&quot;,&quot;animation&quot;:&quot;fadeInRight&quot;,&quot;animation_delay&quot;:100}\">\n\t\t\t<div class=\"elementor-widget-wrap elementor-element-populated\">\n\t\t\t\t\t\t<div class=\"elementor-element elementor-element-abb2ad3 elementor-hidden-desktop elementor-hidden-tablet elementor-widget elementor-widget-image\" data-id=\"abb2ad3\" data-element_type=\"widget\" data-widget_type=\"image.default\">\n\t\t\t\t<div class=\"elementor-widget-container\">\n\t\t\t\t\t\t\t\t\t\t\t\t\t\t\t<img decoding=\"async\" width=\"700\" height=\"470\" src=\"https:\/\/www.freie-schule-ananda.de\/wp-content\/uploads\/2021\/02\/Gesetzter-Rahmen.jpg\" class=\"attachment-medium_large size-medium_large wp-image-613\" alt=\"\" srcset=\"https:\/\/www.freie-schule-ananda.de\/wp-content\/uploads\/2021\/02\/Gesetzter-Rahmen.jpg 700w, https:\/\/www.freie-schule-ananda.de\/wp-content\/uploads\/2021\/02\/Gesetzter-Rahmen-300x201.jpg 300w\" sizes=\"(max-width: 700px) 100vw, 700px\" \/>\t\t\t\t\t\t\t\t\t\t\t\t\t\t\t<\/div>\n\t\t\t\t<\/div>\n\t\t\t\t\t<\/div>\n\t\t<\/div>\n\t\t\t\t\t<\/div>\n\t\t<\/section>\n\t\t\t\t<\/div>\n\t\t","protected":false},"excerpt":{"rendered":"<p>Unsere Grundpfeiler Verbundenheit zur Natur An der Ananda wird die urspr\u00fcngliche, tiefe Verbindung und Liebe zur Natur im Rhythmus der Jahreszeiten gelebt und erlebbar. Das Erleben mit allen Sinnen steht dabei im Fokus. Wir befinden uns in einem gemeinsamen Kreislauf mit allen Pflanzen und Tieren. Das Bewusstsein und die Empathie werden geschaffen f\u00fcr alles Lebendige [&hellip;]<\/p>\n","protected":false},"author":2,"featured_media":525,"parent":0,"menu_order":0,"comment_status":"closed","ping_status":"closed","template":"","meta":{"footnotes":""},"_links":{"self":[{"href":"https:\/\/www.freie-schule-ananda.de\/en\/wp-json\/wp\/v2\/pages\/180"}],"collection":[{"href":"https:\/\/www.freie-schule-ananda.de\/en\/wp-json\/wp\/v2\/pages"}],"about":[{"href":"https:\/\/www.freie-schule-ananda.de\/en\/wp-json\/wp\/v2\/types\/page"}],"author":[{"embeddable":true,"href":"https:\/\/www.freie-schule-ananda.de\/en\/wp-json\/wp\/v2\/users\/2"}],"replies":[{"embeddable":true,"href":"https:\/\/www.freie-schule-ananda.de\/en\/wp-json\/wp\/v2\/comments?post=180"}],"version-history":[{"count":64,"href":"https:\/\/www.freie-schule-ananda.de\/en\/wp-json\/wp\/v2\/pages\/180\/revisions"}],"predecessor-version":[{"id":1554,"href":"https:\/\/www.freie-schule-ananda.de\/en\/wp-json\/wp\/v2\/pages\/180\/revisions\/1554"}],"wp:featuredmedia":[{"embeddable":true,"href":"https:\/\/www.freie-schule-ananda.de\/en\/wp-json\/wp\/v2\/media\/525"}],"wp:attachment":[{"href":"https:\/\/www.freie-schule-ananda.de\/en\/wp-json\/wp\/v2\/media?parent=180"}],"curies":[{"name":"wp","href":"https:\/\/api.w.org\/{rel}","templated":true}]}}